{"id":2825,"date":"2024-03-21T16:21:26","date_gmt":"2024-03-21T16:21:26","guid":{"rendered":"https:\/\/hawai.li\/mrn\/agenda\/fete-de-la-musique\/"},"modified":"2024-03-27T08:25:55","modified_gmt":"2024-03-27T08:25:55","slug":"fete-de-la-musique","status":"publish","type":"event","link":"https:\/\/www.mrn.ch\/en\/events\/fete-de-la-musique\/","title":{"rendered":"F\u00eate de la musique"},"content":{"rendered":"\n<p>Concerts to be heard within the walls of the Roman Basilica! For the 3rd year running, the Roman Museum is hosting the music festival, offering a special, serene setting for listening to carefully selected concerts.<\/p>\n\n<div class=\"custom-gallery gallery\">\n  <div class=\"swiper-wrapper\">\n        <a href=\"https:\/\/www.mrn.ch\/wp-content\/uploads\/2024\/03\/MRNFeteMusique2.jpg\" class=\"swiper-slide\" data-caption=\"F\u00eate de la musique au Mus\u00e9e romain, juin 2023\">\n      <img decoding=\"async\" src=\"https:\/\/www.mrn.ch\/wp-content\/uploads\/fly-images\/2719\/MRNFeteMusique2-750x99999.jpg\"\n        srcset=\"https:\/\/www.mrn.ch\/wp-content\/uploads\/fly-images\/2719\/MRNFeteMusique2-750x99999.jpg 1x, https:\/\/www.mrn.ch\/wp-content\/uploads\/fly-images\/2719\/MRNFeteMusique2-1500x99999.jpg 2x\"\n        alt=\"Concert sur l'Esplanade Jules C\u00e9sar organis\u00e9 par le Mus\u00e9e romain de Nyon dans le cadre de la F\u00eate de la musique\">\n    <\/a>\n        <a href=\"https:\/\/www.mrn.ch\/wp-content\/uploads\/2024\/03\/MRNFeteMusique-1.jpg\" class=\"swiper-slide\" data-caption=\"F\u00eate de la musique au Mus\u00e9e romain, juin 2023\">\n      <img decoding=\"async\" src=\"https:\/\/www.mrn.ch\/wp-content\/uploads\/fly-images\/2717\/MRNFeteMusique-1-750x99999.jpg\"\n        srcset=\"https:\/\/www.mrn.ch\/wp-content\/uploads\/fly-images\/2717\/MRNFeteMusique-1-750x99999.jpg 1x, https:\/\/www.mrn.ch\/wp-content\/uploads\/fly-images\/2717\/MRNFeteMusique-1-1500x99999.jpg 2x\"\n        alt=\"Concert dans le Mus\u00e9e romain de Nyon, une guitariste et un percussionniste\">\n    <\/a>\n        <a href=\"https:\/\/www.mrn.ch\/wp-content\/uploads\/2024\/03\/MRNFeteMusique4.jpg\" class=\"swiper-slide\" data-caption=\"F\u00eate de la musique au Mus\u00e9e romain, juin 2023\">\n      <img decoding=\"async\" src=\"https:\/\/www.mrn.ch\/wp-content\/uploads\/fly-images\/2732\/MRNFeteMusique4-750x99999.jpg\"\n        srcset=\"https:\/\/www.mrn.ch\/wp-content\/uploads\/fly-images\/2732\/MRNFeteMusique4-750x99999.jpg 1x, https:\/\/www.mrn.ch\/wp-content\/uploads\/fly-images\/2732\/MRNFeteMusique4-1500x99999.jpg 2x\"\n        alt=\"Concert avec une guitariste et un percussionniste, organis\u00e9 par le Mus\u00e9e romain de Nyon dans le cadre de la F\u00eate de la musique\">\n    <\/a>\n        <a href=\"https:\/\/www.mrn.ch\/wp-content\/uploads\/2024\/03\/MRNFeteMusique3.jpg\" class=\"swiper-slide\" data-caption=\"F\u00eate de la musique au Mus\u00e9e romain, juin 2023\">\n      <img decoding=\"async\" src=\"https:\/\/www.mrn.ch\/wp-content\/uploads\/fly-images\/2730\/MRNFeteMusique3-750x99999.jpg\"\n        srcset=\"https:\/\/www.mrn.ch\/wp-content\/uploads\/fly-images\/2730\/MRNFeteMusique3-750x99999.jpg 1x, https:\/\/www.mrn.ch\/wp-content\/uploads\/fly-images\/2730\/MRNFeteMusique3-1500x99999.jpg 2x\"\n        alt=\"Concert avec une guitariste et un percussionniste, organis\u00e9 par le Mus\u00e9e romain de Nyon dans le cadre de la F\u00eate de la musique\">\n    <\/a>\n      <\/div>\n\n  <!-- If we need navigation buttons -->\n  <div class=\"swiper-arrows\">\n    <div class=\"swiper-button-prev swiper-btn\">\n      <svg xmlns=\"http:\/\/www.w3.org\/2000\/svg\" width=\"27.269\" height=\"15.972\" viewBox=\"0 0 27.269 15.972\">\n  <g id=\"noun-arrow-4804406\" transform=\"translate(27.269 15.972) rotate(180)\">\n    <path id=\"Trac\u00e9_31\" data-name=\"Trac\u00e9 31\"\n      d=\"M27.471,17.128,21.69,22.919A.913.913,0,1,1,20.4,21.628l5.518-5.518H1.909a.909.909,0,0,1,0-1.818H25.917L20.4,8.774A.913.913,0,0,1,21.69,7.483l5.782,5.791a2.727,2.727,0,0,1,0,3.854Z\"\n      transform=\"translate(-1 -7.216)\" fill=\"#000\" \/>\n  <\/g>\n<\/svg>    <\/div>\n    <div class=\"swiper-button-next  swiper-btn\">\n      <svg id=\"noun-arrow-4804406\" xmlns=\"http:\/\/www.w3.org\/2000\/svg\" width=\"27.269\" height=\"15.972\"\n  viewBox=\"0 0 27.269 15.972\">\n  <path id=\"Trac\u00e9_31\" data-name=\"Trac\u00e9 31\"\n    d=\"M27.471,17.128,21.69,22.919A.913.913,0,1,1,20.4,21.628l5.518-5.518H1.909a.909.909,0,0,1,0-1.818H25.917L20.4,8.774A.913.913,0,0,1,21.69,7.483l5.782,5.791a2.727,2.727,0,0,1,0,3.854Z\"\n    transform=\"translate(-1 -7.216)\" fill=\"#000\" \/>\n<\/svg>    <\/div>\n\n  <\/div>\n<\/div>","protected":false},"featured_media":2719,"template":"","class_list":["post-2825","event","type-event","status-publish","has-post-thumbnail","hentry"],"acf":[],"yoast_head":"<!-- This site is optimized with the Yoast SEO plugin v27.4 - https:\/\/yoast.com\/product\/yoast-seo-wordpress\/ -->\n<title>F\u00eate de la musique - RMN<\/title>\n<meta name=\"robots\" content=\"index, follow, max-snippet:-1, max-image-preview:large, max-video-preview:-1\" \/>\n<link rel=\"canonical\" href=\"https:\/\/www.mrn.ch\/en\/events\/fete-de-la-musique\/\" \/>\n<meta property=\"og:locale\" content=\"en_US\" \/>\n<meta property=\"og:type\" content=\"article\" \/>\n<meta property=\"og:title\" content=\"F\u00eate de la musique - RMN\" \/>\n<meta property=\"og:description\" content=\"Concerts to be heard within the walls of the Roman Basilica! For the 3rd year running, the Roman Museum is hosting the music festival, offering a special, serene setting for listening to carefully selected concerts.\" \/>\n<meta property=\"og:url\" content=\"https:\/\/www.mrn.ch\/en\/events\/fete-de-la-musique\/\" \/>\n<meta property=\"og:site_name\" content=\"RMN\" \/>\n<meta property=\"article:publisher\" content=\"https:\/\/www.facebook.com\/museeromaindenyon\/\" \/>\n<meta property=\"article:modified_time\" content=\"2024-03-27T08:25:55+00:00\" \/>\n<meta property=\"og:image\" content=\"https:\/\/www.mrn.ch\/wp-content\/uploads\/2024\/03\/MRNFeteMusique2.jpg\" \/>\n\t<meta property=\"og:image:width\" content=\"1000\" \/>\n\t<meta property=\"og:image:height\" content=\"1000\" \/>\n\t<meta property=\"og:image:type\" content=\"image\/jpeg\" \/>\n<meta name=\"twitter:card\" content=\"summary_large_image\" \/>\n<meta name=\"twitter:label1\" content=\"Est. reading time\" \/>\n\t<meta name=\"twitter:data1\" content=\"1 minute\" \/>\n<script type=\"application\/ld+json\" class=\"yoast-schema-graph\">{\"@context\":\"https:\\\/\\\/schema.org\",\"@graph\":[{\"@type\":\"WebPage\",\"@id\":\"https:\\\/\\\/www.mrn.ch\\\/en\\\/events\\\/fete-de-la-musique\\\/\",\"url\":\"https:\\\/\\\/www.mrn.ch\\\/en\\\/events\\\/fete-de-la-musique\\\/\",\"name\":\"F\u00eate de la musique - RMN\",\"isPartOf\":{\"@id\":\"https:\\\/\\\/www.mrn.ch\\\/#website\"},\"primaryImageOfPage\":{\"@id\":\"https:\\\/\\\/www.mrn.ch\\\/en\\\/events\\\/fete-de-la-musique\\\/#primaryimage\"},\"image\":{\"@id\":\"https:\\\/\\\/www.mrn.ch\\\/en\\\/events\\\/fete-de-la-musique\\\/#primaryimage\"},\"thumbnailUrl\":\"https:\\\/\\\/www.mrn.ch\\\/wp-content\\\/uploads\\\/2024\\\/03\\\/MRNFeteMusique2.jpg\",\"datePublished\":\"2024-03-21T16:21:26+00:00\",\"dateModified\":\"2024-03-27T08:25:55+00:00\",\"breadcrumb\":{\"@id\":\"https:\\\/\\\/www.mrn.ch\\\/en\\\/events\\\/fete-de-la-musique\\\/#breadcrumb\"},\"inLanguage\":\"en-US\",\"potentialAction\":[{\"@type\":\"ReadAction\",\"target\":[\"https:\\\/\\\/www.mrn.ch\\\/en\\\/events\\\/fete-de-la-musique\\\/\"]}]},{\"@type\":\"ImageObject\",\"inLanguage\":\"en-US\",\"@id\":\"https:\\\/\\\/www.mrn.ch\\\/en\\\/events\\\/fete-de-la-musique\\\/#primaryimage\",\"url\":\"https:\\\/\\\/www.mrn.ch\\\/wp-content\\\/uploads\\\/2024\\\/03\\\/MRNFeteMusique2.jpg\",\"contentUrl\":\"https:\\\/\\\/www.mrn.ch\\\/wp-content\\\/uploads\\\/2024\\\/03\\\/MRNFeteMusique2.jpg\",\"width\":1000,\"height\":1000,\"caption\":\"F\u00eate de la musique au Mus\u00e9e romain, juin 2023\"},{\"@type\":\"BreadcrumbList\",\"@id\":\"https:\\\/\\\/www.mrn.ch\\\/en\\\/events\\\/fete-de-la-musique\\\/#breadcrumb\",\"itemListElement\":[{\"@type\":\"ListItem\",\"position\":1,\"name\":\"Accueil\",\"item\":\"https:\\\/\\\/www.mrn.ch\\\/en\\\/\"},{\"@type\":\"ListItem\",\"position\":2,\"name\":\"F\u00eate de la musique\"}]},{\"@type\":\"WebSite\",\"@id\":\"https:\\\/\\\/www.mrn.ch\\\/#website\",\"url\":\"https:\\\/\\\/www.mrn.ch\\\/\",\"name\":\"MRN\",\"description\":\"\",\"publisher\":{\"@id\":\"https:\\\/\\\/www.mrn.ch\\\/#organization\"},\"potentialAction\":[{\"@type\":\"SearchAction\",\"target\":{\"@type\":\"EntryPoint\",\"urlTemplate\":\"https:\\\/\\\/www.mrn.ch\\\/?s={search_term_string}\"},\"query-input\":{\"@type\":\"PropertyValueSpecification\",\"valueRequired\":true,\"valueName\":\"search_term_string\"}}],\"inLanguage\":\"en-US\"},{\"@type\":\"Organization\",\"@id\":\"https:\\\/\\\/www.mrn.ch\\\/#organization\",\"name\":\"Mus\u00e9e Romain de Nyon\",\"url\":\"https:\\\/\\\/www.mrn.ch\\\/\",\"logo\":{\"@type\":\"ImageObject\",\"inLanguage\":\"en-US\",\"@id\":\"https:\\\/\\\/www.mrn.ch\\\/#\\\/schema\\\/logo\\\/image\\\/\",\"url\":\"http:\\\/\\\/www.mrn.ch\\\/wp-content\\\/uploads\\\/2023\\\/06\\\/ROMAIN-NYON-LOGO1-NOIR-1.png\",\"contentUrl\":\"http:\\\/\\\/www.mrn.ch\\\/wp-content\\\/uploads\\\/2023\\\/06\\\/ROMAIN-NYON-LOGO1-NOIR-1.png\",\"width\":664,\"height\":276,\"caption\":\"Mus\u00e9e Romain de Nyon\"},\"image\":{\"@id\":\"https:\\\/\\\/www.mrn.ch\\\/#\\\/schema\\\/logo\\\/image\\\/\"},\"sameAs\":[\"https:\\\/\\\/www.facebook.com\\\/museeromaindenyon\\\/\",\"https:\\\/\\\/www.instagram.com\\\/musee_romain_nyon\\\/\"]}]}<\/script>\n<!-- \/ Yoast SEO plugin. -->","yoast_head_json":{"title":"F\u00eate de la musique - RMN","robots":{"index":"index","follow":"follow","max-snippet":"max-snippet:-1","max-image-preview":"max-image-preview:large","max-video-preview":"max-video-preview:-1"},"canonical":"https:\/\/www.mrn.ch\/en\/events\/fete-de-la-musique\/","og_locale":"en_US","og_type":"article","og_title":"F\u00eate de la musique - RMN","og_description":"Concerts to be heard within the walls of the Roman Basilica! For the 3rd year running, the Roman Museum is hosting the music festival, offering a special, serene setting for listening to carefully selected concerts.","og_url":"https:\/\/www.mrn.ch\/en\/events\/fete-de-la-musique\/","og_site_name":"RMN","article_publisher":"https:\/\/www.facebook.com\/museeromaindenyon\/","article_modified_time":"2024-03-27T08:25:55+00:00","og_image":[{"width":1000,"height":1000,"url":"https:\/\/www.mrn.ch\/wp-content\/uploads\/2024\/03\/MRNFeteMusique2.jpg","type":"image\/jpeg"}],"twitter_card":"summary_large_image","twitter_misc":{"Est. reading time":"1 minute"},"schema":{"@context":"https:\/\/schema.org","@graph":[{"@type":"WebPage","@id":"https:\/\/www.mrn.ch\/en\/events\/fete-de-la-musique\/","url":"https:\/\/www.mrn.ch\/en\/events\/fete-de-la-musique\/","name":"F\u00eate de la musique - RMN","isPartOf":{"@id":"https:\/\/www.mrn.ch\/#website"},"primaryImageOfPage":{"@id":"https:\/\/www.mrn.ch\/en\/events\/fete-de-la-musique\/#primaryimage"},"image":{"@id":"https:\/\/www.mrn.ch\/en\/events\/fete-de-la-musique\/#primaryimage"},"thumbnailUrl":"https:\/\/www.mrn.ch\/wp-content\/uploads\/2024\/03\/MRNFeteMusique2.jpg","datePublished":"2024-03-21T16:21:26+00:00","dateModified":"2024-03-27T08:25:55+00:00","breadcrumb":{"@id":"https:\/\/www.mrn.ch\/en\/events\/fete-de-la-musique\/#breadcrumb"},"inLanguage":"en-US","potentialAction":[{"@type":"ReadAction","target":["https:\/\/www.mrn.ch\/en\/events\/fete-de-la-musique\/"]}]},{"@type":"ImageObject","inLanguage":"en-US","@id":"https:\/\/www.mrn.ch\/en\/events\/fete-de-la-musique\/#primaryimage","url":"https:\/\/www.mrn.ch\/wp-content\/uploads\/2024\/03\/MRNFeteMusique2.jpg","contentUrl":"https:\/\/www.mrn.ch\/wp-content\/uploads\/2024\/03\/MRNFeteMusique2.jpg","width":1000,"height":1000,"caption":"F\u00eate de la musique au Mus\u00e9e romain, juin 2023"},{"@type":"BreadcrumbList","@id":"https:\/\/www.mrn.ch\/en\/events\/fete-de-la-musique\/#breadcrumb","itemListElement":[{"@type":"ListItem","position":1,"name":"Accueil","item":"https:\/\/www.mrn.ch\/en\/"},{"@type":"ListItem","position":2,"name":"F\u00eate de la musique"}]},{"@type":"WebSite","@id":"https:\/\/www.mrn.ch\/#website","url":"https:\/\/www.mrn.ch\/","name":"MRN","description":"","publisher":{"@id":"https:\/\/www.mrn.ch\/#organization"},"potentialAction":[{"@type":"SearchAction","target":{"@type":"EntryPoint","urlTemplate":"https:\/\/www.mrn.ch\/?s={search_term_string}"},"query-input":{"@type":"PropertyValueSpecification","valueRequired":true,"valueName":"search_term_string"}}],"inLanguage":"en-US"},{"@type":"Organization","@id":"https:\/\/www.mrn.ch\/#organization","name":"Mus\u00e9e Romain de Nyon","url":"https:\/\/www.mrn.ch\/","logo":{"@type":"ImageObject","inLanguage":"en-US","@id":"https:\/\/www.mrn.ch\/#\/schema\/logo\/image\/","url":"http:\/\/www.mrn.ch\/wp-content\/uploads\/2023\/06\/ROMAIN-NYON-LOGO1-NOIR-1.png","contentUrl":"http:\/\/www.mrn.ch\/wp-content\/uploads\/2023\/06\/ROMAIN-NYON-LOGO1-NOIR-1.png","width":664,"height":276,"caption":"Mus\u00e9e Romain de Nyon"},"image":{"@id":"https:\/\/www.mrn.ch\/#\/schema\/logo\/image\/"},"sameAs":["https:\/\/www.facebook.com\/museeromaindenyon\/","https:\/\/www.instagram.com\/musee_romain_nyon\/"]}]}},"_links":{"self":[{"href":"https:\/\/www.mrn.ch\/en\/wp-json\/wp\/v2\/event\/2825","targetHints":{"allow":["GET"]}}],"collection":[{"href":"https:\/\/www.mrn.ch\/en\/wp-json\/wp\/v2\/event"}],"about":[{"href":"https:\/\/www.mrn.ch\/en\/wp-json\/wp\/v2\/types\/event"}],"wp:featuredmedia":[{"embeddable":true,"href":"https:\/\/www.mrn.ch\/en\/wp-json\/wp\/v2\/media\/2719"}],"wp:attachment":[{"href":"https:\/\/www.mrn.ch\/en\/wp-json\/wp\/v2\/media?parent=2825"}],"curies":[{"name":"wp","href":"https:\/\/api.w.org\/{rel}","templated":true}]}}