{"id":2830,"date":"2023-10-30T08:07:00","date_gmt":"2023-10-30T08:07:00","guid":{"rendered":"https:\/\/hawai.li\/mrn\/expositions\/voix-de-palmyre\/"},"modified":"2024-04-09T12:30:44","modified_gmt":"2024-04-09T12:30:44","slug":"voix-de-palmyre","status":"publish","type":"exhibition","link":"https:\/\/www.mrn.ch\/en\/Exhibition\/voix-de-palmyre\/","title":{"rendered":"Voix de Palmyre"},"content":{"rendered":"\n<div class=\"block-description\">\n    <div class=\"image\">\n    <img decoding=\"async\" src=\"https:\/\/www.mrn.ch\/wp-content\/uploads\/fly-images\/722\/4-5-750x99999.jpg\"\n      srcset=\"https:\/\/www.mrn.ch\/wp-content\/uploads\/fly-images\/722\/4-5-750x99999.jpg 1x, https:\/\/www.mrn.ch\/wp-content\/uploads\/fly-images\/722\/4-5-1500x99999.jpg 2x\"\n      alt=\"\">\n  <\/div>\n    <div class=\"description\">\n        <div class=\"description_content\">\n      <p>Palmyra, a UNESCO World Heritage Site, is one of the most emblematic cities of ancient Syria. In the 1950s, it was excavated as part of Switzerland&#8217;s first major archaeological project abroad. Among the Roman-era monuments studied was the temple of Baalsham\u00een, the &#8220;master of the heavens&#8221;.<\/p>\n    <\/div>\n    <div class=\"block-buttons\">\n          <\/div>\n  <\/div>\n<\/div>\n<div class=\"custom-gallery gallery\">\n  <div class=\"swiper-wrapper\">\n        <a href=\"https:\/\/www.mrn.ch\/wp-content\/uploads\/2023\/10\/MRNPalmyre6.jpg\" class=\"swiper-slide\" data-caption=\"Voix de Palmyre \u00a9 Benjamin Banon narrative.swiss\">\n      <img decoding=\"async\" src=\"https:\/\/www.mrn.ch\/wp-content\/uploads\/fly-images\/2562\/MRNPalmyre6-750x99999.jpg\"\n        srcset=\"https:\/\/www.mrn.ch\/wp-content\/uploads\/fly-images\/2562\/MRNPalmyre6-750x99999.jpg 1x, https:\/\/www.mrn.ch\/wp-content\/uploads\/fly-images\/2562\/MRNPalmyre6-1500x99999.jpg 2x\"\n        alt=\"Vue de l'exposition Voix de Palmyre au Mus\u00e9e romain de Nyon\">\n    <\/a>\n        <a href=\"https:\/\/www.mrn.ch\/wp-content\/uploads\/2023\/10\/MRNPalmyre10.jpg\" class=\"swiper-slide\" data-caption=\"Voix de Palmyre \u00a9 Benjamin Banon narrative.swiss\">\n      <img decoding=\"async\" src=\"https:\/\/www.mrn.ch\/wp-content\/uploads\/fly-images\/2566\/MRNPalmyre10-750x99999.jpg\"\n        srcset=\"https:\/\/www.mrn.ch\/wp-content\/uploads\/fly-images\/2566\/MRNPalmyre10-750x99999.jpg 1x, https:\/\/www.mrn.ch\/wp-content\/uploads\/fly-images\/2566\/MRNPalmyre10-1500x99999.jpg 2x\"\n        alt=\"Vue de l'exposition Voix de Palmyre au Mus\u00e9e romain de Nyon\">\n    <\/a>\n        <a href=\"https:\/\/www.mrn.ch\/wp-content\/uploads\/2023\/10\/MRNPalmyre1Benjamin-Banon-narrative.swiss_.jpg\" class=\"swiper-slide\" data-caption=\"Voix de Palmyre \u00a9 Benjamin Banon narrative.swiss\">\n      <img decoding=\"async\" src=\"https:\/\/www.mrn.ch\/wp-content\/uploads\/fly-images\/2560\/MRNPalmyre1Benjamin-Banon-narrative.swiss_-750x99999.jpg\"\n        srcset=\"https:\/\/www.mrn.ch\/wp-content\/uploads\/fly-images\/2560\/MRNPalmyre1Benjamin-Banon-narrative.swiss_-750x99999.jpg 1x, https:\/\/www.mrn.ch\/wp-content\/uploads\/fly-images\/2560\/MRNPalmyre1Benjamin-Banon-narrative.swiss_-1500x99999.jpg 2x\"\n        alt=\"Vue de l'exposition Voix de Palmyre au Mus\u00e9e romain de Nyon\">\n    <\/a>\n        <a href=\"https:\/\/www.mrn.ch\/wp-content\/uploads\/2023\/10\/MRNPalmyre9.jpg\" class=\"swiper-slide\" data-caption=\"Voix de Palmyre \u00a9 Benjamin Banon narrative.swiss\">\n      <img decoding=\"async\" src=\"https:\/\/www.mrn.ch\/wp-content\/uploads\/fly-images\/2564\/MRNPalmyre9-750x99999.jpg\"\n        srcset=\"https:\/\/www.mrn.ch\/wp-content\/uploads\/fly-images\/2564\/MRNPalmyre9-750x99999.jpg 1x, https:\/\/www.mrn.ch\/wp-content\/uploads\/fly-images\/2564\/MRNPalmyre9-1500x99999.jpg 2x\"\n        alt=\"Vue de l'exposition Voix de Palmyre au Mus\u00e9e romain de Nyon\">\n    <\/a>\n        <a href=\"https:\/\/www.mrn.ch\/wp-content\/uploads\/2023\/10\/MRNPalmyre4.jpg\" class=\"swiper-slide\" data-caption=\"Voix de Palmyre \u00a9 Benjamin Banon narrative.swiss\">\n      <img decoding=\"async\" src=\"https:\/\/www.mrn.ch\/wp-content\/uploads\/fly-images\/2572\/MRNPalmyre4-750x99999.jpg\"\n        srcset=\"https:\/\/www.mrn.ch\/wp-content\/uploads\/fly-images\/2572\/MRNPalmyre4-750x99999.jpg 1x, https:\/\/www.mrn.ch\/wp-content\/uploads\/fly-images\/2572\/MRNPalmyre4-1500x99999.jpg 2x\"\n        alt=\"Vue de l'exposition Voix de Palmyre au Mus\u00e9e romain de Nyon\">\n    <\/a>\n        <a href=\"https:\/\/www.mrn.ch\/wp-content\/uploads\/2023\/10\/MRNPalmyre5.jpg\" class=\"swiper-slide\" data-caption=\"Voix de Palmyre \u00a9 Benjamin Banon narrative.swiss\">\n      <img decoding=\"async\" src=\"https:\/\/www.mrn.ch\/wp-content\/uploads\/fly-images\/2568\/MRNPalmyre5-750x99999.jpg\"\n        srcset=\"https:\/\/www.mrn.ch\/wp-content\/uploads\/fly-images\/2568\/MRNPalmyre5-750x99999.jpg 1x, https:\/\/www.mrn.ch\/wp-content\/uploads\/fly-images\/2568\/MRNPalmyre5-1500x99999.jpg 2x\"\n        alt=\"Vue de l'exposition Voix de Palmyre au Mus\u00e9e romain de Nyon\">\n    <\/a>\n        <a href=\"https:\/\/www.mrn.ch\/wp-content\/uploads\/2023\/10\/55211928-scaled.jpg\" class=\"swiper-slide\" data-caption=\"Palmyre, photographie de Paul Collard\">\n      <img decoding=\"async\" src=\"https:\/\/www.mrn.ch\/wp-content\/uploads\/fly-images\/2073\/55211928-scaled-750x99999.jpg\"\n        srcset=\"https:\/\/www.mrn.ch\/wp-content\/uploads\/fly-images\/2073\/55211928-scaled-750x99999.jpg 1x, https:\/\/www.mrn.ch\/wp-content\/uploads\/fly-images\/2073\/55211928-scaled-1500x99999.jpg 2x\"\n        alt=\"\">\n    <\/a>\n        <a href=\"https:\/\/www.mrn.ch\/wp-content\/uploads\/2023\/07\/Carte-postale_4_1-scaled.jpg\" class=\"swiper-slide\" data-caption=\"Carte postale coloris\u00e9e temple de Baalshamin \u00a9 Paul Collart \">\n      <img decoding=\"async\" src=\"https:\/\/www.mrn.ch\/wp-content\/uploads\/fly-images\/724\/Carte-postale_4_1-scaled-750x99999.jpg\"\n        srcset=\"https:\/\/www.mrn.ch\/wp-content\/uploads\/fly-images\/724\/Carte-postale_4_1-scaled-750x99999.jpg 1x, https:\/\/www.mrn.ch\/wp-content\/uploads\/fly-images\/724\/Carte-postale_4_1-scaled-1500x99999.jpg 2x\"\n        alt=\"\">\n    <\/a>\n        <a href=\"https:\/\/www.mrn.ch\/wp-content\/uploads\/2023\/07\/Affiche-2-1.jpg\" class=\"swiper-slide\" data-caption=\"Fouille Palmyre \">\n      <img decoding=\"async\" src=\"https:\/\/www.mrn.ch\/wp-content\/uploads\/fly-images\/734\/Affiche-2-1-750x99999.jpg\"\n        srcset=\"https:\/\/www.mrn.ch\/wp-content\/uploads\/fly-images\/734\/Affiche-2-1-750x99999.jpg 1x, https:\/\/www.mrn.ch\/wp-content\/uploads\/fly-images\/734\/Affiche-2-1-1500x99999.jpg 2x\"\n        alt=\"\">\n    <\/a>\n        <a href=\"https:\/\/www.mrn.ch\/wp-content\/uploads\/2023\/07\/MRN_Palmyre_3D_carte-1-scaled.jpg\" class=\"swiper-slide\" data-caption=\"Reproduction temple de Baalshamin en 3D, Mus\u00e9e Romain de Nyon \">\n      <img decoding=\"async\" src=\"https:\/\/www.mrn.ch\/wp-content\/uploads\/fly-images\/730\/MRN_Palmyre_3D_carte-1-scaled-750x99999.jpg\"\n        srcset=\"https:\/\/www.mrn.ch\/wp-content\/uploads\/fly-images\/730\/MRN_Palmyre_3D_carte-1-scaled-750x99999.jpg 1x, https:\/\/www.mrn.ch\/wp-content\/uploads\/fly-images\/730\/MRN_Palmyre_3D_carte-1-scaled-1500x99999.jpg 2x\"\n        alt=\"\">\n    <\/a>\n      <\/div>\n\n  <!-- If we need navigation buttons -->\n  <div class=\"swiper-arrows\">\n    <div class=\"swiper-button-prev swiper-btn\">\n      <svg xmlns=\"http:\/\/www.w3.org\/2000\/svg\" width=\"27.269\" height=\"15.972\" viewBox=\"0 0 27.269 15.972\">\n  <g id=\"noun-arrow-4804406\" transform=\"translate(27.269 15.972) rotate(180)\">\n    <path id=\"Trac\u00e9_31\" data-name=\"Trac\u00e9 31\"\n      d=\"M27.471,17.128,21.69,22.919A.913.913,0,1,1,20.4,21.628l5.518-5.518H1.909a.909.909,0,0,1,0-1.818H25.917L20.4,8.774A.913.913,0,0,1,21.69,7.483l5.782,5.791a2.727,2.727,0,0,1,0,3.854Z\"\n      transform=\"translate(-1 -7.216)\" fill=\"#000\" \/>\n  <\/g>\n<\/svg>    <\/div>\n    <div class=\"swiper-button-next  swiper-btn\">\n      <svg id=\"noun-arrow-4804406\" xmlns=\"http:\/\/www.w3.org\/2000\/svg\" width=\"27.269\" height=\"15.972\"\n  viewBox=\"0 0 27.269 15.972\">\n  <path id=\"Trac\u00e9_31\" data-name=\"Trac\u00e9 31\"\n    d=\"M27.471,17.128,21.69,22.919A.913.913,0,1,1,20.4,21.628l5.518-5.518H1.909a.909.909,0,0,1,0-1.818H25.917L20.4,8.774A.913.913,0,0,1,21.69,7.483l5.782,5.791a2.727,2.727,0,0,1,0,3.854Z\"\n    transform=\"translate(-1 -7.216)\" fill=\"#000\" \/>\n<\/svg>    <\/div>\n\n  <\/div>\n<\/div>\n<div class=\"block-more\">\n  <h3 class=\"sub-heading-secondary\">Podcasts linked to the exhibition<\/h3>\n  <div><p><strong>by Chahut M\u00e9di<\/strong><\/p>\n<p>A documentary podcast series devoted to the tragic fate of Palmyra, examining the notions of destruction, protection and conservation of heritage.<\/p>\n<p>#1 <a href=\"https:\/\/www.chahut.ch\/palmyre\/episode\/7db931fb\/1-palmyre-de-la-gloire-a-leffacement\">Palmyre, de la gloire \u00e0 l\u2019effacement<\/a><\/p>\n<p>#2 <a href=\"https:\/\/www.chahut.ch\/palmyre\/episode\/7a7ca476\/2-paul-collart-archeologue-photographe\">Paul Collart, arch\u00e9ologue-photographe<\/a><\/p>\n<p>#3 <a href=\"https:\/\/www.chahut.ch\/palmyre\/episode\/7c5c974e\/3-projet-collart-palmyre-preserver-un-patrimoine-mutile\">Projet Collart-Palmyre: pr\u00e9server un patrimoine mutil\u00e9<\/a><\/p>\n<p>#4 <a href=\"https:\/\/www.chahut.ch\/palmyre\/episode\/7a80ba5f\/4-memoires-de-refugies\">M\u00e9moires de r\u00e9fugi\u00e9s<\/a><\/p>\n<\/div>\n<\/div>\n<div class=\"block-partners\">\n  <h2 class=\"text-small\">Partners<\/h2>\n  <div class=\"partners\">\n        <div class=\"partner\">\n            <a class=\"parner__link\" href=\"https:\/\/wp.unil.ch\/collart-palmyre\/\" target=\"_blank\" rel=\"noopener noreferrer\">\n                <img decoding=\"async\" class=\"partner__logo \" src=\"https:\/\/www.mrn.ch\/wp-content\/uploads\/2024\/04\/lo_unil_lettres06_noir-Converti-e1712249669981.jpg\" alt=\"\">\n        <span class=\"partner__name sr-only\">Institut d&#8217;arch\u00e9ologie et des sciences de l&#8217;antiquit\u00e9, UNIL<\/span>\n              <\/a>\n      \n    <\/div>\n      <\/div>\n<\/div><div class=\"block-buttons\">\n    <a href=\"http:\/\/www.mrn.ch\/archives-des-expositions\/\" class=\"btn\" >\n    SEE ALL PREVIOUS EXHIBITIONS  <\/a>\n  <\/div>","protected":false},"featured_media":726,"parent":0,"menu_order":19,"template":"","class_list":["post-2830","exhibition","type-exhibition","status-publish","has-post-thumbnail","hentry"],"acf":[],"yoast_head":"<!-- This site is optimized with the Yoast SEO plugin v27.4 - https:\/\/yoast.com\/product\/yoast-seo-wordpress\/ -->\n<title>Voix de Palmyre - RMN<\/title>\n<meta name=\"robots\" content=\"index, follow, max-snippet:-1, max-image-preview:large, max-video-preview:-1\" \/>\n<link rel=\"canonical\" href=\"https:\/\/www.mrn.ch\/en\/Exhibition\/voix-de-palmyre\/\" \/>\n<meta property=\"og:locale\" content=\"en_US\" \/>\n<meta property=\"og:type\" content=\"article\" \/>\n<meta property=\"og:title\" content=\"Voix de Palmyre - RMN\" \/>\n<meta property=\"og:url\" content=\"https:\/\/www.mrn.ch\/en\/Exhibition\/voix-de-palmyre\/\" \/>\n<meta property=\"og:site_name\" content=\"RMN\" \/>\n<meta property=\"article:publisher\" content=\"https:\/\/www.facebook.com\/museeromaindenyon\/\" \/>\n<meta property=\"article:modified_time\" content=\"2024-04-09T12:30:44+00:00\" \/>\n<meta property=\"og:image\" content=\"https:\/\/www.mrn.ch\/wp-content\/uploads\/2023\/07\/Ep2_Collart_methodique.jpg\" \/>\n\t<meta property=\"og:image:width\" content=\"1542\" \/>\n\t<meta property=\"og:image:height\" content=\"1577\" \/>\n\t<meta property=\"og:image:type\" content=\"image\/jpeg\" \/>\n<meta name=\"twitter:card\" content=\"summary_large_image\" \/>\n<meta name=\"twitter:label1\" content=\"Est. reading time\" \/>\n\t<meta name=\"twitter:data1\" content=\"1 minute\" \/>\n<script type=\"application\/ld+json\" class=\"yoast-schema-graph\">{\"@context\":\"https:\\\/\\\/schema.org\",\"@graph\":[{\"@type\":\"WebPage\",\"@id\":\"https:\\\/\\\/www.mrn.ch\\\/en\\\/Exhibition\\\/voix-de-palmyre\\\/\",\"url\":\"https:\\\/\\\/www.mrn.ch\\\/en\\\/Exhibition\\\/voix-de-palmyre\\\/\",\"name\":\"Voix de Palmyre - RMN\",\"isPartOf\":{\"@id\":\"https:\\\/\\\/www.mrn.ch\\\/#website\"},\"primaryImageOfPage\":{\"@id\":\"https:\\\/\\\/www.mrn.ch\\\/en\\\/Exhibition\\\/voix-de-palmyre\\\/#primaryimage\"},\"image\":{\"@id\":\"https:\\\/\\\/www.mrn.ch\\\/en\\\/Exhibition\\\/voix-de-palmyre\\\/#primaryimage\"},\"thumbnailUrl\":\"https:\\\/\\\/www.mrn.ch\\\/wp-content\\\/uploads\\\/2023\\\/07\\\/Ep2_Collart_methodique.jpg\",\"datePublished\":\"2023-10-30T08:07:00+00:00\",\"dateModified\":\"2024-04-09T12:30:44+00:00\",\"breadcrumb\":{\"@id\":\"https:\\\/\\\/www.mrn.ch\\\/en\\\/Exhibition\\\/voix-de-palmyre\\\/#breadcrumb\"},\"inLanguage\":\"en-US\",\"potentialAction\":[{\"@type\":\"ReadAction\",\"target\":[\"https:\\\/\\\/www.mrn.ch\\\/en\\\/Exhibition\\\/voix-de-palmyre\\\/\"]}]},{\"@type\":\"ImageObject\",\"inLanguage\":\"en-US\",\"@id\":\"https:\\\/\\\/www.mrn.ch\\\/en\\\/Exhibition\\\/voix-de-palmyre\\\/#primaryimage\",\"url\":\"https:\\\/\\\/www.mrn.ch\\\/wp-content\\\/uploads\\\/2023\\\/07\\\/Ep2_Collart_methodique.jpg\",\"contentUrl\":\"https:\\\/\\\/www.mrn.ch\\\/wp-content\\\/uploads\\\/2023\\\/07\\\/Ep2_Collart_methodique.jpg\",\"width\":1542,\"height\":1577,\"caption\":\"Fouilles Palmyre \u00a9 Paul Collart\"},{\"@type\":\"BreadcrumbList\",\"@id\":\"https:\\\/\\\/www.mrn.ch\\\/en\\\/Exhibition\\\/voix-de-palmyre\\\/#breadcrumb\",\"itemListElement\":[{\"@type\":\"ListItem\",\"position\":1,\"name\":\"Accueil\",\"item\":\"https:\\\/\\\/www.mrn.ch\\\/en\\\/\"},{\"@type\":\"ListItem\",\"position\":2,\"name\":\"Voix de Palmyre\"}]},{\"@type\":\"WebSite\",\"@id\":\"https:\\\/\\\/www.mrn.ch\\\/#website\",\"url\":\"https:\\\/\\\/www.mrn.ch\\\/\",\"name\":\"MRN\",\"description\":\"\",\"publisher\":{\"@id\":\"https:\\\/\\\/www.mrn.ch\\\/#organization\"},\"potentialAction\":[{\"@type\":\"SearchAction\",\"target\":{\"@type\":\"EntryPoint\",\"urlTemplate\":\"https:\\\/\\\/www.mrn.ch\\\/?s={search_term_string}\"},\"query-input\":{\"@type\":\"PropertyValueSpecification\",\"valueRequired\":true,\"valueName\":\"search_term_string\"}}],\"inLanguage\":\"en-US\"},{\"@type\":\"Organization\",\"@id\":\"https:\\\/\\\/www.mrn.ch\\\/#organization\",\"name\":\"Mus\u00e9e Romain de Nyon\",\"url\":\"https:\\\/\\\/www.mrn.ch\\\/\",\"logo\":{\"@type\":\"ImageObject\",\"inLanguage\":\"en-US\",\"@id\":\"https:\\\/\\\/www.mrn.ch\\\/#\\\/schema\\\/logo\\\/image\\\/\",\"url\":\"http:\\\/\\\/www.mrn.ch\\\/wp-content\\\/uploads\\\/2023\\\/06\\\/ROMAIN-NYON-LOGO1-NOIR-1.png\",\"contentUrl\":\"http:\\\/\\\/www.mrn.ch\\\/wp-content\\\/uploads\\\/2023\\\/06\\\/ROMAIN-NYON-LOGO1-NOIR-1.png\",\"width\":664,\"height\":276,\"caption\":\"Mus\u00e9e Romain de Nyon\"},\"image\":{\"@id\":\"https:\\\/\\\/www.mrn.ch\\\/#\\\/schema\\\/logo\\\/image\\\/\"},\"sameAs\":[\"https:\\\/\\\/www.facebook.com\\\/museeromaindenyon\\\/\",\"https:\\\/\\\/www.instagram.com\\\/musee_romain_nyon\\\/\"]}]}<\/script>\n<!-- \/ Yoast SEO plugin. -->","yoast_head_json":{"title":"Voix de Palmyre - RMN","robots":{"index":"index","follow":"follow","max-snippet":"max-snippet:-1","max-image-preview":"max-image-preview:large","max-video-preview":"max-video-preview:-1"},"canonical":"https:\/\/www.mrn.ch\/en\/Exhibition\/voix-de-palmyre\/","og_locale":"en_US","og_type":"article","og_title":"Voix de Palmyre - RMN","og_url":"https:\/\/www.mrn.ch\/en\/Exhibition\/voix-de-palmyre\/","og_site_name":"RMN","article_publisher":"https:\/\/www.facebook.com\/museeromaindenyon\/","article_modified_time":"2024-04-09T12:30:44+00:00","og_image":[{"width":1542,"height":1577,"url":"https:\/\/www.mrn.ch\/wp-content\/uploads\/2023\/07\/Ep2_Collart_methodique.jpg","type":"image\/jpeg"}],"twitter_card":"summary_large_image","twitter_misc":{"Est. reading time":"1 minute"},"schema":{"@context":"https:\/\/schema.org","@graph":[{"@type":"WebPage","@id":"https:\/\/www.mrn.ch\/en\/Exhibition\/voix-de-palmyre\/","url":"https:\/\/www.mrn.ch\/en\/Exhibition\/voix-de-palmyre\/","name":"Voix de Palmyre - RMN","isPartOf":{"@id":"https:\/\/www.mrn.ch\/#website"},"primaryImageOfPage":{"@id":"https:\/\/www.mrn.ch\/en\/Exhibition\/voix-de-palmyre\/#primaryimage"},"image":{"@id":"https:\/\/www.mrn.ch\/en\/Exhibition\/voix-de-palmyre\/#primaryimage"},"thumbnailUrl":"https:\/\/www.mrn.ch\/wp-content\/uploads\/2023\/07\/Ep2_Collart_methodique.jpg","datePublished":"2023-10-30T08:07:00+00:00","dateModified":"2024-04-09T12:30:44+00:00","breadcrumb":{"@id":"https:\/\/www.mrn.ch\/en\/Exhibition\/voix-de-palmyre\/#breadcrumb"},"inLanguage":"en-US","potentialAction":[{"@type":"ReadAction","target":["https:\/\/www.mrn.ch\/en\/Exhibition\/voix-de-palmyre\/"]}]},{"@type":"ImageObject","inLanguage":"en-US","@id":"https:\/\/www.mrn.ch\/en\/Exhibition\/voix-de-palmyre\/#primaryimage","url":"https:\/\/www.mrn.ch\/wp-content\/uploads\/2023\/07\/Ep2_Collart_methodique.jpg","contentUrl":"https:\/\/www.mrn.ch\/wp-content\/uploads\/2023\/07\/Ep2_Collart_methodique.jpg","width":1542,"height":1577,"caption":"Fouilles Palmyre \u00a9 Paul Collart"},{"@type":"BreadcrumbList","@id":"https:\/\/www.mrn.ch\/en\/Exhibition\/voix-de-palmyre\/#breadcrumb","itemListElement":[{"@type":"ListItem","position":1,"name":"Accueil","item":"https:\/\/www.mrn.ch\/en\/"},{"@type":"ListItem","position":2,"name":"Voix de Palmyre"}]},{"@type":"WebSite","@id":"https:\/\/www.mrn.ch\/#website","url":"https:\/\/www.mrn.ch\/","name":"MRN","description":"","publisher":{"@id":"https:\/\/www.mrn.ch\/#organization"},"potentialAction":[{"@type":"SearchAction","target":{"@type":"EntryPoint","urlTemplate":"https:\/\/www.mrn.ch\/?s={search_term_string}"},"query-input":{"@type":"PropertyValueSpecification","valueRequired":true,"valueName":"search_term_string"}}],"inLanguage":"en-US"},{"@type":"Organization","@id":"https:\/\/www.mrn.ch\/#organization","name":"Mus\u00e9e Romain de Nyon","url":"https:\/\/www.mrn.ch\/","logo":{"@type":"ImageObject","inLanguage":"en-US","@id":"https:\/\/www.mrn.ch\/#\/schema\/logo\/image\/","url":"http:\/\/www.mrn.ch\/wp-content\/uploads\/2023\/06\/ROMAIN-NYON-LOGO1-NOIR-1.png","contentUrl":"http:\/\/www.mrn.ch\/wp-content\/uploads\/2023\/06\/ROMAIN-NYON-LOGO1-NOIR-1.png","width":664,"height":276,"caption":"Mus\u00e9e Romain de Nyon"},"image":{"@id":"https:\/\/www.mrn.ch\/#\/schema\/logo\/image\/"},"sameAs":["https:\/\/www.facebook.com\/museeromaindenyon\/","https:\/\/www.instagram.com\/musee_romain_nyon\/"]}]}},"_links":{"self":[{"href":"https:\/\/www.mrn.ch\/en\/wp-json\/wp\/v2\/exhibition\/2830","targetHints":{"allow":["GET"]}}],"collection":[{"href":"https:\/\/www.mrn.ch\/en\/wp-json\/wp\/v2\/exhibition"}],"about":[{"href":"https:\/\/www.mrn.ch\/en\/wp-json\/wp\/v2\/types\/exhibition"}],"wp:featuredmedia":[{"embeddable":true,"href":"https:\/\/www.mrn.ch\/en\/wp-json\/wp\/v2\/media\/726"}],"wp:attachment":[{"href":"https:\/\/www.mrn.ch\/en\/wp-json\/wp\/v2\/media?parent=2830"}],"curies":[{"name":"wp","href":"https:\/\/api.w.org\/{rel}","templated":true}]}}