{"id":2906,"date":"2023-10-30T08:07:00","date_gmt":"2023-10-30T08:07:00","guid":{"rendered":"https:\/\/www.mrn.ch\/expositions\/maternite-et-petite-enfance-dans-lantiquite-romaine\/"},"modified":"2024-04-09T12:49:45","modified_gmt":"2024-04-09T12:49:45","slug":"maternite-et-petite-enfance-dans-lantiquite-romaine","status":"publish","type":"exhibition","link":"https:\/\/www.mrn.ch\/en\/Exhibition\/maternite-et-petite-enfance-dans-lantiquite-romaine\/","title":{"rendered":"Maternit\u00e9 et petite enfance dans l\u2019Antiquit\u00e9 romaine"},"content":{"rendered":"\n<h2 class=\"wp-block-heading\"><\/h2>\n\n<div class=\"block-description\">\n    <div class=\"image\">\n    <img decoding=\"async\" src=\"https:\/\/www.mrn.ch\/wp-content\/uploads\/fly-images\/893\/Affiche_maternite__RomainExpo-750x99999.jpg\"\n      srcset=\"https:\/\/www.mrn.ch\/wp-content\/uploads\/fly-images\/893\/Affiche_maternite__RomainExpo-750x99999.jpg 1x, https:\/\/www.mrn.ch\/wp-content\/uploads\/fly-images\/893\/Affiche_maternite__RomainExpo-1500x99999.jpg 2x\"\n      alt=\"\">\n  <\/div>\n    <div class=\"description\">\n        <div class=\"description_content\">\n      <p>Was it important to be a mother in Roman times? Did people have large families? How was pregnancy viewed? Was it seen as an illness or as an event favourable to a woman&#8217;s health? Were there women doctors? What did the life of a toddler mean in times of high mortality? What rules governed funerals? Was ancient medicine interested in newborn babies? How were they treated? Were breast pumps known to be used?<\/p>\n<p>Often of a modest nature (votive offerings, feeding bottles, amulets, etc.), various archaeological documents shed light on the fate of women, parents and children in days gone by.<\/p>\n<p>This exhibition, produced by the Municipal Archaeology Service and the Museum of the City of Bourges, France, and adapted for the Mus\u00e9e romain de Nyon with the help of V\u00e9ronique Dasen, lecturer at the University of Fribourg, took the public into the heart of the intimacy of the Roman family.<\/p>\n    <\/div>\n    <div class=\"block-buttons\">\n          <\/div>\n  <\/div>\n<\/div>\n<div class=\"custom-gallery gallery\">\n  <div class=\"swiper-wrapper\">\n        <a href=\"https:\/\/www.mrn.ch\/wp-content\/uploads\/2023\/09\/1-DS-mere-jpeg.jpg\" class=\"swiper-slide\" data-caption=\"Statue d'une d\u00e9esse m\u00e8re \">\n      <img decoding=\"async\" src=\"https:\/\/www.mrn.ch\/wp-content\/uploads\/fly-images\/1100\/1-DS-mere-jpeg-750x99999.jpg\"\n        srcset=\"https:\/\/www.mrn.ch\/wp-content\/uploads\/fly-images\/1100\/1-DS-mere-jpeg-750x99999.jpg 1x, https:\/\/www.mrn.ch\/wp-content\/uploads\/fly-images\/1100\/1-DS-mere-jpeg-1500x99999.jpg 2x\"\n        alt=\"\">\n    <\/a>\n        <a href=\"https:\/\/www.mrn.ch\/wp-content\/uploads\/2023\/09\/6-Stele-bebe-avec-lange-.jpg\" class=\"swiper-slide\" data-caption=\"St\u00e8le fun\u00e9raire en m\u00e9moire d'un enfant d\u00e9funt \">\n      <img decoding=\"async\" src=\"https:\/\/www.mrn.ch\/wp-content\/uploads\/fly-images\/1106\/6-Stele-bebe-avec-lange--750x99999.jpg\"\n        srcset=\"https:\/\/www.mrn.ch\/wp-content\/uploads\/fly-images\/1106\/6-Stele-bebe-avec-lange--750x99999.jpg 1x, https:\/\/www.mrn.ch\/wp-content\/uploads\/fly-images\/1106\/6-Stele-bebe-avec-lange--1500x99999.jpg 2x\"\n        alt=\"\">\n    <\/a>\n        <a href=\"https:\/\/www.mrn.ch\/wp-content\/uploads\/2023\/09\/3-femme-enceinte-2.jpg\" class=\"swiper-slide\" data-caption=\"Statue d'une femme enceinte \">\n      <img decoding=\"async\" src=\"https:\/\/www.mrn.ch\/wp-content\/uploads\/fly-images\/1115\/3-femme-enceinte-2-750x99999.jpg\"\n        srcset=\"https:\/\/www.mrn.ch\/wp-content\/uploads\/fly-images\/1115\/3-femme-enceinte-2-750x99999.jpg 1x, https:\/\/www.mrn.ch\/wp-content\/uploads\/fly-images\/1115\/3-femme-enceinte-2-1500x99999.jpg 2x\"\n        alt=\"\">\n    <\/a>\n        <a href=\"https:\/\/www.mrn.ch\/wp-content\/uploads\/2023\/09\/8-tire-lait2.jpg\" class=\"swiper-slide\" data-caption=\"135_C\">\n      <img decoding=\"async\" src=\"https:\/\/www.mrn.ch\/wp-content\/uploads\/fly-images\/1110\/8-tire-lait2-750x99999.jpg\"\n        srcset=\"https:\/\/www.mrn.ch\/wp-content\/uploads\/fly-images\/1110\/8-tire-lait2-750x99999.jpg 1x, https:\/\/www.mrn.ch\/wp-content\/uploads\/fly-images\/1110\/8-tire-lait2-1500x99999.jpg 2x\"\n        alt=\"\">\n    <\/a>\n        <a href=\"https:\/\/www.mrn.ch\/wp-content\/uploads\/2023\/09\/7-tire-lait1.jpg\" class=\"swiper-slide\" data-caption=\"135_C\">\n      <img decoding=\"async\" src=\"https:\/\/www.mrn.ch\/wp-content\/uploads\/fly-images\/1108\/7-tire-lait1-750x99999.jpg\"\n        srcset=\"https:\/\/www.mrn.ch\/wp-content\/uploads\/fly-images\/1108\/7-tire-lait1-750x99999.jpg 1x, https:\/\/www.mrn.ch\/wp-content\/uploads\/fly-images\/1108\/7-tire-lait1-1500x99999.jpg 2x\"\n        alt=\"\">\n    <\/a>\n      <\/div>\n\n  <!-- If we need navigation buttons -->\n  <div class=\"swiper-arrows\">\n    <div class=\"swiper-button-prev swiper-btn\">\n      <svg xmlns=\"http:\/\/www.w3.org\/2000\/svg\" width=\"27.269\" height=\"15.972\" viewBox=\"0 0 27.269 15.972\">\n  <g id=\"noun-arrow-4804406\" transform=\"translate(27.269 15.972) rotate(180)\">\n    <path id=\"Trac\u00e9_31\" data-name=\"Trac\u00e9 31\"\n      d=\"M27.471,17.128,21.69,22.919A.913.913,0,1,1,20.4,21.628l5.518-5.518H1.909a.909.909,0,0,1,0-1.818H25.917L20.4,8.774A.913.913,0,0,1,21.69,7.483l5.782,5.791a2.727,2.727,0,0,1,0,3.854Z\"\n      transform=\"translate(-1 -7.216)\" fill=\"#000\" \/>\n  <\/g>\n<\/svg>    <\/div>\n    <div class=\"swiper-button-next  swiper-btn\">\n      <svg id=\"noun-arrow-4804406\" xmlns=\"http:\/\/www.w3.org\/2000\/svg\" width=\"27.269\" height=\"15.972\"\n  viewBox=\"0 0 27.269 15.972\">\n  <path id=\"Trac\u00e9_31\" data-name=\"Trac\u00e9 31\"\n    d=\"M27.471,17.128,21.69,22.919A.913.913,0,1,1,20.4,21.628l5.518-5.518H1.909a.909.909,0,0,1,0-1.818H25.917L20.4,8.774A.913.913,0,0,1,21.69,7.483l5.782,5.791a2.727,2.727,0,0,1,0,3.854Z\"\n    transform=\"translate(-1 -7.216)\" fill=\"#000\" \/>\n<\/svg>    <\/div>\n\n  <\/div>\n<\/div><div class=\"block-buttons\">\n    <a href=\"http:\/\/www.mrn.ch\/archives-des-expositions\/\" class=\"btn\" >\n    SEE ALL PREVIOUS EXHIBITIONS  <\/a>\n  <\/div>","protected":false},"featured_media":1104,"parent":0,"menu_order":23,"template":"","class_list":["post-2906","exhibition","type-exhibition","status-publish","has-post-thumbnail","hentry"],"acf":[],"yoast_head":"<!-- This site is optimized with the Yoast SEO plugin v27.4 - https:\/\/yoast.com\/product\/yoast-seo-wordpress\/ -->\n<title>Maternit\u00e9 et petite enfance dans l\u2019Antiquit\u00e9 romaine - RMN<\/title>\n<meta name=\"robots\" content=\"index, follow, max-snippet:-1, max-image-preview:large, max-video-preview:-1\" \/>\n<link rel=\"canonical\" href=\"https:\/\/www.mrn.ch\/en\/Exhibition\/maternite-et-petite-enfance-dans-lantiquite-romaine\/\" \/>\n<meta property=\"og:locale\" content=\"en_US\" \/>\n<meta property=\"og:type\" content=\"article\" \/>\n<meta property=\"og:title\" content=\"Maternit\u00e9 et petite enfance dans l\u2019Antiquit\u00e9 romaine - RMN\" \/>\n<meta property=\"og:url\" content=\"https:\/\/www.mrn.ch\/en\/Exhibition\/maternite-et-petite-enfance-dans-lantiquite-romaine\/\" \/>\n<meta property=\"og:site_name\" content=\"RMN\" \/>\n<meta property=\"article:publisher\" content=\"https:\/\/www.facebook.com\/museeromaindenyon\/\" \/>\n<meta property=\"article:modified_time\" content=\"2024-04-09T12:49:45+00:00\" \/>\n<meta property=\"og:image\" content=\"https:\/\/www.mrn.ch\/wp-content\/uploads\/2023\/09\/5-Severina-allaitant.jpg\" \/>\n\t<meta property=\"og:image:width\" content=\"914\" \/>\n\t<meta property=\"og:image:height\" content=\"2126\" \/>\n\t<meta property=\"og:image:type\" content=\"image\/jpeg\" \/>\n<meta name=\"twitter:card\" content=\"summary_large_image\" \/>\n<meta name=\"twitter:label1\" content=\"Est. reading time\" \/>\n\t<meta name=\"twitter:data1\" content=\"1 minute\" \/>\n<script type=\"application\/ld+json\" class=\"yoast-schema-graph\">{\"@context\":\"https:\\\/\\\/schema.org\",\"@graph\":[{\"@type\":\"WebPage\",\"@id\":\"https:\\\/\\\/www.mrn.ch\\\/en\\\/Exhibition\\\/maternite-et-petite-enfance-dans-lantiquite-romaine\\\/\",\"url\":\"https:\\\/\\\/www.mrn.ch\\\/en\\\/Exhibition\\\/maternite-et-petite-enfance-dans-lantiquite-romaine\\\/\",\"name\":\"Maternit\u00e9 et petite enfance dans l\u2019Antiquit\u00e9 romaine - RMN\",\"isPartOf\":{\"@id\":\"https:\\\/\\\/www.mrn.ch\\\/#website\"},\"primaryImageOfPage\":{\"@id\":\"https:\\\/\\\/www.mrn.ch\\\/en\\\/Exhibition\\\/maternite-et-petite-enfance-dans-lantiquite-romaine\\\/#primaryimage\"},\"image\":{\"@id\":\"https:\\\/\\\/www.mrn.ch\\\/en\\\/Exhibition\\\/maternite-et-petite-enfance-dans-lantiquite-romaine\\\/#primaryimage\"},\"thumbnailUrl\":\"https:\\\/\\\/www.mrn.ch\\\/wp-content\\\/uploads\\\/2023\\\/09\\\/5-Severina-allaitant.jpg\",\"datePublished\":\"2023-10-30T08:07:00+00:00\",\"dateModified\":\"2024-04-09T12:49:45+00:00\",\"breadcrumb\":{\"@id\":\"https:\\\/\\\/www.mrn.ch\\\/en\\\/Exhibition\\\/maternite-et-petite-enfance-dans-lantiquite-romaine\\\/#breadcrumb\"},\"inLanguage\":\"en-US\",\"potentialAction\":[{\"@type\":\"ReadAction\",\"target\":[\"https:\\\/\\\/www.mrn.ch\\\/en\\\/Exhibition\\\/maternite-et-petite-enfance-dans-lantiquite-romaine\\\/\"]}]},{\"@type\":\"ImageObject\",\"inLanguage\":\"en-US\",\"@id\":\"https:\\\/\\\/www.mrn.ch\\\/en\\\/Exhibition\\\/maternite-et-petite-enfance-dans-lantiquite-romaine\\\/#primaryimage\",\"url\":\"https:\\\/\\\/www.mrn.ch\\\/wp-content\\\/uploads\\\/2023\\\/09\\\/5-Severina-allaitant.jpg\",\"contentUrl\":\"https:\\\/\\\/www.mrn.ch\\\/wp-content\\\/uploads\\\/2023\\\/09\\\/5-Severina-allaitant.jpg\",\"width\":914,\"height\":2126,\"caption\":\"St\u00e8le repr\u00e9sentant une femme, Severina, en train d'allaiter son enfant\"},{\"@type\":\"BreadcrumbList\",\"@id\":\"https:\\\/\\\/www.mrn.ch\\\/en\\\/Exhibition\\\/maternite-et-petite-enfance-dans-lantiquite-romaine\\\/#breadcrumb\",\"itemListElement\":[{\"@type\":\"ListItem\",\"position\":1,\"name\":\"Accueil\",\"item\":\"https:\\\/\\\/www.mrn.ch\\\/en\\\/\"},{\"@type\":\"ListItem\",\"position\":2,\"name\":\"Maternit\u00e9 et petite enfance dans l\u2019Antiquit\u00e9 romaine\"}]},{\"@type\":\"WebSite\",\"@id\":\"https:\\\/\\\/www.mrn.ch\\\/#website\",\"url\":\"https:\\\/\\\/www.mrn.ch\\\/\",\"name\":\"MRN\",\"description\":\"\",\"publisher\":{\"@id\":\"https:\\\/\\\/www.mrn.ch\\\/#organization\"},\"potentialAction\":[{\"@type\":\"SearchAction\",\"target\":{\"@type\":\"EntryPoint\",\"urlTemplate\":\"https:\\\/\\\/www.mrn.ch\\\/?s={search_term_string}\"},\"query-input\":{\"@type\":\"PropertyValueSpecification\",\"valueRequired\":true,\"valueName\":\"search_term_string\"}}],\"inLanguage\":\"en-US\"},{\"@type\":\"Organization\",\"@id\":\"https:\\\/\\\/www.mrn.ch\\\/#organization\",\"name\":\"Mus\u00e9e Romain de Nyon\",\"url\":\"https:\\\/\\\/www.mrn.ch\\\/\",\"logo\":{\"@type\":\"ImageObject\",\"inLanguage\":\"en-US\",\"@id\":\"https:\\\/\\\/www.mrn.ch\\\/#\\\/schema\\\/logo\\\/image\\\/\",\"url\":\"http:\\\/\\\/www.mrn.ch\\\/wp-content\\\/uploads\\\/2023\\\/06\\\/ROMAIN-NYON-LOGO1-NOIR-1.png\",\"contentUrl\":\"http:\\\/\\\/www.mrn.ch\\\/wp-content\\\/uploads\\\/2023\\\/06\\\/ROMAIN-NYON-LOGO1-NOIR-1.png\",\"width\":664,\"height\":276,\"caption\":\"Mus\u00e9e Romain de Nyon\"},\"image\":{\"@id\":\"https:\\\/\\\/www.mrn.ch\\\/#\\\/schema\\\/logo\\\/image\\\/\"},\"sameAs\":[\"https:\\\/\\\/www.facebook.com\\\/museeromaindenyon\\\/\",\"https:\\\/\\\/www.instagram.com\\\/musee_romain_nyon\\\/\"]}]}<\/script>\n<!-- \/ Yoast SEO plugin. -->","yoast_head_json":{"title":"Maternit\u00e9 et petite enfance dans l\u2019Antiquit\u00e9 romaine - RMN","robots":{"index":"index","follow":"follow","max-snippet":"max-snippet:-1","max-image-preview":"max-image-preview:large","max-video-preview":"max-video-preview:-1"},"canonical":"https:\/\/www.mrn.ch\/en\/Exhibition\/maternite-et-petite-enfance-dans-lantiquite-romaine\/","og_locale":"en_US","og_type":"article","og_title":"Maternit\u00e9 et petite enfance dans l\u2019Antiquit\u00e9 romaine - RMN","og_url":"https:\/\/www.mrn.ch\/en\/Exhibition\/maternite-et-petite-enfance-dans-lantiquite-romaine\/","og_site_name":"RMN","article_publisher":"https:\/\/www.facebook.com\/museeromaindenyon\/","article_modified_time":"2024-04-09T12:49:45+00:00","og_image":[{"width":914,"height":2126,"url":"https:\/\/www.mrn.ch\/wp-content\/uploads\/2023\/09\/5-Severina-allaitant.jpg","type":"image\/jpeg"}],"twitter_card":"summary_large_image","twitter_misc":{"Est. reading time":"1 minute"},"schema":{"@context":"https:\/\/schema.org","@graph":[{"@type":"WebPage","@id":"https:\/\/www.mrn.ch\/en\/Exhibition\/maternite-et-petite-enfance-dans-lantiquite-romaine\/","url":"https:\/\/www.mrn.ch\/en\/Exhibition\/maternite-et-petite-enfance-dans-lantiquite-romaine\/","name":"Maternit\u00e9 et petite enfance dans l\u2019Antiquit\u00e9 romaine - RMN","isPartOf":{"@id":"https:\/\/www.mrn.ch\/#website"},"primaryImageOfPage":{"@id":"https:\/\/www.mrn.ch\/en\/Exhibition\/maternite-et-petite-enfance-dans-lantiquite-romaine\/#primaryimage"},"image":{"@id":"https:\/\/www.mrn.ch\/en\/Exhibition\/maternite-et-petite-enfance-dans-lantiquite-romaine\/#primaryimage"},"thumbnailUrl":"https:\/\/www.mrn.ch\/wp-content\/uploads\/2023\/09\/5-Severina-allaitant.jpg","datePublished":"2023-10-30T08:07:00+00:00","dateModified":"2024-04-09T12:49:45+00:00","breadcrumb":{"@id":"https:\/\/www.mrn.ch\/en\/Exhibition\/maternite-et-petite-enfance-dans-lantiquite-romaine\/#breadcrumb"},"inLanguage":"en-US","potentialAction":[{"@type":"ReadAction","target":["https:\/\/www.mrn.ch\/en\/Exhibition\/maternite-et-petite-enfance-dans-lantiquite-romaine\/"]}]},{"@type":"ImageObject","inLanguage":"en-US","@id":"https:\/\/www.mrn.ch\/en\/Exhibition\/maternite-et-petite-enfance-dans-lantiquite-romaine\/#primaryimage","url":"https:\/\/www.mrn.ch\/wp-content\/uploads\/2023\/09\/5-Severina-allaitant.jpg","contentUrl":"https:\/\/www.mrn.ch\/wp-content\/uploads\/2023\/09\/5-Severina-allaitant.jpg","width":914,"height":2126,"caption":"St\u00e8le repr\u00e9sentant une femme, Severina, en train d'allaiter son enfant"},{"@type":"BreadcrumbList","@id":"https:\/\/www.mrn.ch\/en\/Exhibition\/maternite-et-petite-enfance-dans-lantiquite-romaine\/#breadcrumb","itemListElement":[{"@type":"ListItem","position":1,"name":"Accueil","item":"https:\/\/www.mrn.ch\/en\/"},{"@type":"ListItem","position":2,"name":"Maternit\u00e9 et petite enfance dans l\u2019Antiquit\u00e9 romaine"}]},{"@type":"WebSite","@id":"https:\/\/www.mrn.ch\/#website","url":"https:\/\/www.mrn.ch\/","name":"MRN","description":"","publisher":{"@id":"https:\/\/www.mrn.ch\/#organization"},"potentialAction":[{"@type":"SearchAction","target":{"@type":"EntryPoint","urlTemplate":"https:\/\/www.mrn.ch\/?s={search_term_string}"},"query-input":{"@type":"PropertyValueSpecification","valueRequired":true,"valueName":"search_term_string"}}],"inLanguage":"en-US"},{"@type":"Organization","@id":"https:\/\/www.mrn.ch\/#organization","name":"Mus\u00e9e Romain de Nyon","url":"https:\/\/www.mrn.ch\/","logo":{"@type":"ImageObject","inLanguage":"en-US","@id":"https:\/\/www.mrn.ch\/#\/schema\/logo\/image\/","url":"http:\/\/www.mrn.ch\/wp-content\/uploads\/2023\/06\/ROMAIN-NYON-LOGO1-NOIR-1.png","contentUrl":"http:\/\/www.mrn.ch\/wp-content\/uploads\/2023\/06\/ROMAIN-NYON-LOGO1-NOIR-1.png","width":664,"height":276,"caption":"Mus\u00e9e Romain de Nyon"},"image":{"@id":"https:\/\/www.mrn.ch\/#\/schema\/logo\/image\/"},"sameAs":["https:\/\/www.facebook.com\/museeromaindenyon\/","https:\/\/www.instagram.com\/musee_romain_nyon\/"]}]}},"_links":{"self":[{"href":"https:\/\/www.mrn.ch\/en\/wp-json\/wp\/v2\/exhibition\/2906","targetHints":{"allow":["GET"]}}],"collection":[{"href":"https:\/\/www.mrn.ch\/en\/wp-json\/wp\/v2\/exhibition"}],"about":[{"href":"https:\/\/www.mrn.ch\/en\/wp-json\/wp\/v2\/types\/exhibition"}],"wp:featuredmedia":[{"embeddable":true,"href":"https:\/\/www.mrn.ch\/en\/wp-json\/wp\/v2\/media\/1104"}],"wp:attachment":[{"href":"https:\/\/www.mrn.ch\/en\/wp-json\/wp\/v2\/media?parent=2906"}],"curies":[{"name":"wp","href":"https:\/\/api.w.org\/{rel}","templated":true}]}}