{"id":2912,"date":"2023-10-05T11:58:06","date_gmt":"2023-10-05T11:58:06","guid":{"rendered":"https:\/\/www.mrn.ch\/expositions\/ceramique-contemporaine-et-vestiges-antiques\/"},"modified":"2024-04-09T12:51:27","modified_gmt":"2024-04-09T12:51:27","slug":"ceramique-contemporaine-et-vestiges-antiques","status":"publish","type":"exhibition","link":"https:\/\/www.mrn.ch\/en\/Exhibition\/ceramique-contemporaine-et-vestiges-antiques\/","title":{"rendered":"C\u00e9ramique contemporaine et vestiges antiques"},"content":{"rendered":"\n<div class=\"block-description\">\n    <div class=\"image\">\n    <img decoding=\"async\" src=\"https:\/\/www.mrn.ch\/wp-content\/uploads\/fly-images\/816\/Casanovas-750x99999.jpg\"\n      srcset=\"https:\/\/www.mrn.ch\/wp-content\/uploads\/fly-images\/816\/Casanovas-750x99999.jpg 1x, https:\/\/www.mrn.ch\/wp-content\/uploads\/fly-images\/816\/Casanovas-1500x99999.jpg 2x\"\n      alt=\"\">\n  <\/div>\n    <div class=\"description\">\n        <div class=\"description_content\">\n      <p>Whether it&#8217;s the material the artist works with, his techniques for using clay and mastering the firing process or, for example, the massive forms he favours, Claudi Casanovas&#8217; work establishes multifaceted links between a contemporary aesthetic vision and the immemorial history of man&#8217;s mastery of the earth.<\/p>\n<p>The works by Claudi Casanovas have been chosen by the artist as the culmination of a process inspired by the site and its remains. Others have been created especially for this exhibition.<\/p>\n<p><em>A <a href=\"https:\/\/www.mrn.ch\/publications\/ceramique-contemporaine-et-vestiges-antiques\/\">publication<\/a> has been produced to accompany the exhibition.<\/em><\/p>\n    <\/div>\n    <div class=\"block-buttons\">\n          <\/div>\n  <\/div>\n<\/div>\n\n\n<div class=\"custom-gallery gallery\">\n  <div class=\"swiper-wrapper\">\n        <a href=\"https:\/\/www.mrn.ch\/wp-content\/uploads\/2023\/10\/MRN-481-3.jpg\" class=\"swiper-slide\" data-caption=\"\">\n      <img decoding=\"async\" src=\"https:\/\/www.mrn.ch\/wp-content\/uploads\/fly-images\/1155\/MRN-481-3-750x99999.jpg\"\n        srcset=\"https:\/\/www.mrn.ch\/wp-content\/uploads\/fly-images\/1155\/MRN-481-3-750x99999.jpg 1x, https:\/\/www.mrn.ch\/wp-content\/uploads\/fly-images\/1155\/MRN-481-3-1500x99999.jpg 2x\"\n        alt=\"\">\n    <\/a>\n        <a href=\"https:\/\/www.mrn.ch\/wp-content\/uploads\/2023\/10\/MRN-481-2.jpg\" class=\"swiper-slide\" data-caption=\"\">\n      <img decoding=\"async\" src=\"https:\/\/www.mrn.ch\/wp-content\/uploads\/fly-images\/1153\/MRN-481-2-750x99999.jpg\"\n        srcset=\"https:\/\/www.mrn.ch\/wp-content\/uploads\/fly-images\/1153\/MRN-481-2-750x99999.jpg 1x, https:\/\/www.mrn.ch\/wp-content\/uploads\/fly-images\/1153\/MRN-481-2-1500x99999.jpg 2x\"\n        alt=\"\">\n    <\/a>\n        <a href=\"https:\/\/www.mrn.ch\/wp-content\/uploads\/2023\/10\/MRN-575.jpg\" class=\"swiper-slide\" data-caption=\"R. Gindroz\">\n      <img decoding=\"async\" src=\"https:\/\/www.mrn.ch\/wp-content\/uploads\/fly-images\/1145\/MRN-575-750x99999.jpg\"\n        srcset=\"https:\/\/www.mrn.ch\/wp-content\/uploads\/fly-images\/1145\/MRN-575-750x99999.jpg 1x, https:\/\/www.mrn.ch\/wp-content\/uploads\/fly-images\/1145\/MRN-575-1500x99999.jpg 2x\"\n        alt=\"\">\n    <\/a>\n        <a href=\"https:\/\/www.mrn.ch\/wp-content\/uploads\/2023\/10\/MRN-576.jpg\" class=\"swiper-slide\" data-caption=\"R. Gindroz\">\n      <img decoding=\"async\" src=\"https:\/\/www.mrn.ch\/wp-content\/uploads\/fly-images\/1141\/MRN-576-750x99999.jpg\"\n        srcset=\"https:\/\/www.mrn.ch\/wp-content\/uploads\/fly-images\/1141\/MRN-576-750x99999.jpg 1x, https:\/\/www.mrn.ch\/wp-content\/uploads\/fly-images\/1141\/MRN-576-1500x99999.jpg 2x\"\n        alt=\"\">\n    <\/a>\n        <a href=\"https:\/\/www.mrn.ch\/wp-content\/uploads\/2023\/10\/MRN-12905-1-3.jpg\" class=\"swiper-slide\" data-caption=\"D\u00e9versoir \u00e0 t\u00eate de lion en calcaire retrouv\u00e9 sur le site de La Duche (Nyon). Mus\u00e9e romain de Nyon, photo: R\u00e9my Gindroz\">\n      <img decoding=\"async\" src=\"https:\/\/www.mrn.ch\/wp-content\/uploads\/fly-images\/1158\/MRN-12905-1-3-750x99999.jpg\"\n        srcset=\"https:\/\/www.mrn.ch\/wp-content\/uploads\/fly-images\/1158\/MRN-12905-1-3-750x99999.jpg 1x, https:\/\/www.mrn.ch\/wp-content\/uploads\/fly-images\/1158\/MRN-12905-1-3-1500x99999.jpg 2x\"\n        alt=\"\">\n    <\/a>\n        <a href=\"https:\/\/www.mrn.ch\/wp-content\/uploads\/2023\/10\/MRN-12905-1-6.jpg\" class=\"swiper-slide\" data-caption=\"D\u00e9versoir \u00e0 t\u00eate de lion en calcaire retrouv\u00e9 sur le site de La Duche (Nyon). Mus\u00e9e romain de Nyon, photo: R\u00e9my Gindroz\">\n      <img decoding=\"async\" src=\"https:\/\/www.mrn.ch\/wp-content\/uploads\/fly-images\/1164\/MRN-12905-1-6-750x99999.jpg\"\n        srcset=\"https:\/\/www.mrn.ch\/wp-content\/uploads\/fly-images\/1164\/MRN-12905-1-6-750x99999.jpg 1x, https:\/\/www.mrn.ch\/wp-content\/uploads\/fly-images\/1164\/MRN-12905-1-6-1500x99999.jpg 2x\"\n        alt=\"\">\n    <\/a>\n        <a href=\"https:\/\/www.mrn.ch\/wp-content\/uploads\/2023\/10\/MRN-12905-1-4-1.jpg\" class=\"swiper-slide\" data-caption=\"D\u00e9versoir \u00e0 t\u00eate de lion en calcaire retrouv\u00e9 sur le site de La Duche (Nyon). Mus\u00e9e romain de Nyon, photo \u00a9 R\u00e9my Gindroz\">\n      <img decoding=\"async\" src=\"https:\/\/www.mrn.ch\/wp-content\/uploads\/fly-images\/1162\/MRN-12905-1-4-1-750x99999.jpg\"\n        srcset=\"https:\/\/www.mrn.ch\/wp-content\/uploads\/fly-images\/1162\/MRN-12905-1-4-1-750x99999.jpg 1x, https:\/\/www.mrn.ch\/wp-content\/uploads\/fly-images\/1162\/MRN-12905-1-4-1-1500x99999.jpg 2x\"\n        alt=\"\">\n    <\/a>\n      <\/div>\n\n  <!-- If we need navigation buttons -->\n  <div class=\"swiper-arrows\">\n    <div class=\"swiper-button-prev swiper-btn\">\n      <svg xmlns=\"http:\/\/www.w3.org\/2000\/svg\" width=\"27.269\" height=\"15.972\" viewBox=\"0 0 27.269 15.972\">\n  <g id=\"noun-arrow-4804406\" transform=\"translate(27.269 15.972) rotate(180)\">\n    <path id=\"Trac\u00e9_31\" data-name=\"Trac\u00e9 31\"\n      d=\"M27.471,17.128,21.69,22.919A.913.913,0,1,1,20.4,21.628l5.518-5.518H1.909a.909.909,0,0,1,0-1.818H25.917L20.4,8.774A.913.913,0,0,1,21.69,7.483l5.782,5.791a2.727,2.727,0,0,1,0,3.854Z\"\n      transform=\"translate(-1 -7.216)\" fill=\"#000\" \/>\n  <\/g>\n<\/svg>    <\/div>\n    <div class=\"swiper-button-next  swiper-btn\">\n      <svg id=\"noun-arrow-4804406\" xmlns=\"http:\/\/www.w3.org\/2000\/svg\" width=\"27.269\" height=\"15.972\"\n  viewBox=\"0 0 27.269 15.972\">\n  <path id=\"Trac\u00e9_31\" data-name=\"Trac\u00e9 31\"\n    d=\"M27.471,17.128,21.69,22.919A.913.913,0,1,1,20.4,21.628l5.518-5.518H1.909a.909.909,0,0,1,0-1.818H25.917L20.4,8.774A.913.913,0,0,1,21.69,7.483l5.782,5.791a2.727,2.727,0,0,1,0,3.854Z\"\n    transform=\"translate(-1 -7.216)\" fill=\"#000\" \/>\n<\/svg>    <\/div>\n\n  <\/div>\n<\/div>\n\n<div class=\"block-buttons\">\n    <a href=\"http:\/\/www.mrn.ch\/archives-des-expositions\/\" class=\"btn\" >\n    SEE ALL PREVIOUS EXHIBITIONS  <\/a>\n  <\/div>","protected":false},"featured_media":1143,"parent":0,"menu_order":43,"template":"","class_list":["post-2912","exhibition","type-exhibition","status-publish","has-post-thumbnail","hentry"],"acf":[],"yoast_head":"<!-- This site is optimized with the Yoast SEO plugin v27.4 - https:\/\/yoast.com\/product\/yoast-seo-wordpress\/ -->\n<title>C\u00e9ramique contemporaine et vestiges antiques - RMN<\/title>\n<meta name=\"robots\" content=\"index, follow, max-snippet:-1, max-image-preview:large, max-video-preview:-1\" \/>\n<link rel=\"canonical\" href=\"https:\/\/www.mrn.ch\/en\/Exhibition\/ceramique-contemporaine-et-vestiges-antiques\/\" \/>\n<meta property=\"og:locale\" content=\"en_US\" \/>\n<meta property=\"og:type\" content=\"article\" \/>\n<meta property=\"og:title\" content=\"C\u00e9ramique contemporaine et vestiges antiques - RMN\" \/>\n<meta property=\"og:url\" content=\"https:\/\/www.mrn.ch\/en\/Exhibition\/ceramique-contemporaine-et-vestiges-antiques\/\" \/>\n<meta property=\"og:site_name\" content=\"RMN\" \/>\n<meta property=\"article:publisher\" content=\"https:\/\/www.facebook.com\/museeromaindenyon\/\" \/>\n<meta property=\"article:modified_time\" content=\"2024-04-09T12:51:27+00:00\" \/>\n<meta property=\"og:image\" content=\"https:\/\/www.mrn.ch\/wp-content\/uploads\/2023\/10\/MRN-481-1.jpg\" \/>\n\t<meta property=\"og:image:width\" content=\"531\" \/>\n\t<meta property=\"og:image:height\" content=\"672\" \/>\n\t<meta property=\"og:image:type\" content=\"image\/jpeg\" \/>\n<meta name=\"twitter:card\" content=\"summary_large_image\" \/>\n<meta name=\"twitter:label1\" content=\"Est. reading time\" \/>\n\t<meta name=\"twitter:data1\" content=\"1 minute\" \/>\n<script type=\"application\/ld+json\" class=\"yoast-schema-graph\">{\"@context\":\"https:\\\/\\\/schema.org\",\"@graph\":[{\"@type\":\"WebPage\",\"@id\":\"https:\\\/\\\/www.mrn.ch\\\/en\\\/Exhibition\\\/ceramique-contemporaine-et-vestiges-antiques\\\/\",\"url\":\"https:\\\/\\\/www.mrn.ch\\\/en\\\/Exhibition\\\/ceramique-contemporaine-et-vestiges-antiques\\\/\",\"name\":\"C\u00e9ramique contemporaine et vestiges antiques - RMN\",\"isPartOf\":{\"@id\":\"https:\\\/\\\/www.mrn.ch\\\/#website\"},\"primaryImageOfPage\":{\"@id\":\"https:\\\/\\\/www.mrn.ch\\\/en\\\/Exhibition\\\/ceramique-contemporaine-et-vestiges-antiques\\\/#primaryimage\"},\"image\":{\"@id\":\"https:\\\/\\\/www.mrn.ch\\\/en\\\/Exhibition\\\/ceramique-contemporaine-et-vestiges-antiques\\\/#primaryimage\"},\"thumbnailUrl\":\"https:\\\/\\\/www.mrn.ch\\\/wp-content\\\/uploads\\\/2023\\\/10\\\/MRN-481-1.jpg\",\"datePublished\":\"2023-10-05T11:58:06+00:00\",\"dateModified\":\"2024-04-09T12:51:27+00:00\",\"breadcrumb\":{\"@id\":\"https:\\\/\\\/www.mrn.ch\\\/en\\\/Exhibition\\\/ceramique-contemporaine-et-vestiges-antiques\\\/#breadcrumb\"},\"inLanguage\":\"en-US\",\"potentialAction\":[{\"@type\":\"ReadAction\",\"target\":[\"https:\\\/\\\/www.mrn.ch\\\/en\\\/Exhibition\\\/ceramique-contemporaine-et-vestiges-antiques\\\/\"]}]},{\"@type\":\"ImageObject\",\"inLanguage\":\"en-US\",\"@id\":\"https:\\\/\\\/www.mrn.ch\\\/en\\\/Exhibition\\\/ceramique-contemporaine-et-vestiges-antiques\\\/#primaryimage\",\"url\":\"https:\\\/\\\/www.mrn.ch\\\/wp-content\\\/uploads\\\/2023\\\/10\\\/MRN-481-1.jpg\",\"contentUrl\":\"https:\\\/\\\/www.mrn.ch\\\/wp-content\\\/uploads\\\/2023\\\/10\\\/MRN-481-1.jpg\",\"width\":531,\"height\":672,\"caption\":\"R. Gindroz\"},{\"@type\":\"BreadcrumbList\",\"@id\":\"https:\\\/\\\/www.mrn.ch\\\/en\\\/Exhibition\\\/ceramique-contemporaine-et-vestiges-antiques\\\/#breadcrumb\",\"itemListElement\":[{\"@type\":\"ListItem\",\"position\":1,\"name\":\"Accueil\",\"item\":\"https:\\\/\\\/www.mrn.ch\\\/en\\\/\"},{\"@type\":\"ListItem\",\"position\":2,\"name\":\"C\u00e9ramique contemporaine et vestiges antiques\"}]},{\"@type\":\"WebSite\",\"@id\":\"https:\\\/\\\/www.mrn.ch\\\/#website\",\"url\":\"https:\\\/\\\/www.mrn.ch\\\/\",\"name\":\"MRN\",\"description\":\"\",\"publisher\":{\"@id\":\"https:\\\/\\\/www.mrn.ch\\\/#organization\"},\"potentialAction\":[{\"@type\":\"SearchAction\",\"target\":{\"@type\":\"EntryPoint\",\"urlTemplate\":\"https:\\\/\\\/www.mrn.ch\\\/?s={search_term_string}\"},\"query-input\":{\"@type\":\"PropertyValueSpecification\",\"valueRequired\":true,\"valueName\":\"search_term_string\"}}],\"inLanguage\":\"en-US\"},{\"@type\":\"Organization\",\"@id\":\"https:\\\/\\\/www.mrn.ch\\\/#organization\",\"name\":\"Mus\u00e9e Romain de Nyon\",\"url\":\"https:\\\/\\\/www.mrn.ch\\\/\",\"logo\":{\"@type\":\"ImageObject\",\"inLanguage\":\"en-US\",\"@id\":\"https:\\\/\\\/www.mrn.ch\\\/#\\\/schema\\\/logo\\\/image\\\/\",\"url\":\"http:\\\/\\\/www.mrn.ch\\\/wp-content\\\/uploads\\\/2023\\\/06\\\/ROMAIN-NYON-LOGO1-NOIR-1.png\",\"contentUrl\":\"http:\\\/\\\/www.mrn.ch\\\/wp-content\\\/uploads\\\/2023\\\/06\\\/ROMAIN-NYON-LOGO1-NOIR-1.png\",\"width\":664,\"height\":276,\"caption\":\"Mus\u00e9e Romain de Nyon\"},\"image\":{\"@id\":\"https:\\\/\\\/www.mrn.ch\\\/#\\\/schema\\\/logo\\\/image\\\/\"},\"sameAs\":[\"https:\\\/\\\/www.facebook.com\\\/museeromaindenyon\\\/\",\"https:\\\/\\\/www.instagram.com\\\/musee_romain_nyon\\\/\"]}]}<\/script>\n<!-- \/ Yoast SEO plugin. -->","yoast_head_json":{"title":"C\u00e9ramique contemporaine et vestiges antiques - RMN","robots":{"index":"index","follow":"follow","max-snippet":"max-snippet:-1","max-image-preview":"max-image-preview:large","max-video-preview":"max-video-preview:-1"},"canonical":"https:\/\/www.mrn.ch\/en\/Exhibition\/ceramique-contemporaine-et-vestiges-antiques\/","og_locale":"en_US","og_type":"article","og_title":"C\u00e9ramique contemporaine et vestiges antiques - RMN","og_url":"https:\/\/www.mrn.ch\/en\/Exhibition\/ceramique-contemporaine-et-vestiges-antiques\/","og_site_name":"RMN","article_publisher":"https:\/\/www.facebook.com\/museeromaindenyon\/","article_modified_time":"2024-04-09T12:51:27+00:00","og_image":[{"width":531,"height":672,"url":"https:\/\/www.mrn.ch\/wp-content\/uploads\/2023\/10\/MRN-481-1.jpg","type":"image\/jpeg"}],"twitter_card":"summary_large_image","twitter_misc":{"Est. reading time":"1 minute"},"schema":{"@context":"https:\/\/schema.org","@graph":[{"@type":"WebPage","@id":"https:\/\/www.mrn.ch\/en\/Exhibition\/ceramique-contemporaine-et-vestiges-antiques\/","url":"https:\/\/www.mrn.ch\/en\/Exhibition\/ceramique-contemporaine-et-vestiges-antiques\/","name":"C\u00e9ramique contemporaine et vestiges antiques - RMN","isPartOf":{"@id":"https:\/\/www.mrn.ch\/#website"},"primaryImageOfPage":{"@id":"https:\/\/www.mrn.ch\/en\/Exhibition\/ceramique-contemporaine-et-vestiges-antiques\/#primaryimage"},"image":{"@id":"https:\/\/www.mrn.ch\/en\/Exhibition\/ceramique-contemporaine-et-vestiges-antiques\/#primaryimage"},"thumbnailUrl":"https:\/\/www.mrn.ch\/wp-content\/uploads\/2023\/10\/MRN-481-1.jpg","datePublished":"2023-10-05T11:58:06+00:00","dateModified":"2024-04-09T12:51:27+00:00","breadcrumb":{"@id":"https:\/\/www.mrn.ch\/en\/Exhibition\/ceramique-contemporaine-et-vestiges-antiques\/#breadcrumb"},"inLanguage":"en-US","potentialAction":[{"@type":"ReadAction","target":["https:\/\/www.mrn.ch\/en\/Exhibition\/ceramique-contemporaine-et-vestiges-antiques\/"]}]},{"@type":"ImageObject","inLanguage":"en-US","@id":"https:\/\/www.mrn.ch\/en\/Exhibition\/ceramique-contemporaine-et-vestiges-antiques\/#primaryimage","url":"https:\/\/www.mrn.ch\/wp-content\/uploads\/2023\/10\/MRN-481-1.jpg","contentUrl":"https:\/\/www.mrn.ch\/wp-content\/uploads\/2023\/10\/MRN-481-1.jpg","width":531,"height":672,"caption":"R. Gindroz"},{"@type":"BreadcrumbList","@id":"https:\/\/www.mrn.ch\/en\/Exhibition\/ceramique-contemporaine-et-vestiges-antiques\/#breadcrumb","itemListElement":[{"@type":"ListItem","position":1,"name":"Accueil","item":"https:\/\/www.mrn.ch\/en\/"},{"@type":"ListItem","position":2,"name":"C\u00e9ramique contemporaine et vestiges antiques"}]},{"@type":"WebSite","@id":"https:\/\/www.mrn.ch\/#website","url":"https:\/\/www.mrn.ch\/","name":"MRN","description":"","publisher":{"@id":"https:\/\/www.mrn.ch\/#organization"},"potentialAction":[{"@type":"SearchAction","target":{"@type":"EntryPoint","urlTemplate":"https:\/\/www.mrn.ch\/?s={search_term_string}"},"query-input":{"@type":"PropertyValueSpecification","valueRequired":true,"valueName":"search_term_string"}}],"inLanguage":"en-US"},{"@type":"Organization","@id":"https:\/\/www.mrn.ch\/#organization","name":"Mus\u00e9e Romain de Nyon","url":"https:\/\/www.mrn.ch\/","logo":{"@type":"ImageObject","inLanguage":"en-US","@id":"https:\/\/www.mrn.ch\/#\/schema\/logo\/image\/","url":"http:\/\/www.mrn.ch\/wp-content\/uploads\/2023\/06\/ROMAIN-NYON-LOGO1-NOIR-1.png","contentUrl":"http:\/\/www.mrn.ch\/wp-content\/uploads\/2023\/06\/ROMAIN-NYON-LOGO1-NOIR-1.png","width":664,"height":276,"caption":"Mus\u00e9e Romain de Nyon"},"image":{"@id":"https:\/\/www.mrn.ch\/#\/schema\/logo\/image\/"},"sameAs":["https:\/\/www.facebook.com\/museeromaindenyon\/","https:\/\/www.instagram.com\/musee_romain_nyon\/"]}]}},"_links":{"self":[{"href":"https:\/\/www.mrn.ch\/en\/wp-json\/wp\/v2\/exhibition\/2912","targetHints":{"allow":["GET"]}}],"collection":[{"href":"https:\/\/www.mrn.ch\/en\/wp-json\/wp\/v2\/exhibition"}],"about":[{"href":"https:\/\/www.mrn.ch\/en\/wp-json\/wp\/v2\/types\/exhibition"}],"wp:featuredmedia":[{"embeddable":true,"href":"https:\/\/www.mrn.ch\/en\/wp-json\/wp\/v2\/media\/1143"}],"wp:attachment":[{"href":"https:\/\/www.mrn.ch\/en\/wp-json\/wp\/v2\/media?parent=2912"}],"curies":[{"name":"wp","href":"https:\/\/api.w.org\/{rel}","templated":true}]}}