{"id":2487,"date":"2022-08-11T08:51:13","date_gmt":"2022-08-11T08:51:13","guid":{"rendered":"https:\/\/hawai.li\/mrn\/the-amphitheater\/"},"modified":"2026-02-24T06:38:03","modified_gmt":"2026-02-24T06:38:03","slug":"the-amphitheater","status":"publish","type":"page","link":"https:\/\/www.mrn.ch\/en\/the-amphitheater\/","title":{"rendered":"The amphitheatre"},"content":{"rendered":"\n<figure class=\"wp-block-image size-large\"><img loading=\"lazy\" decoding=\"async\" width=\"1024\" height=\"702\" src=\"http:\/\/www.mrn.ch\/wp-content\/uploads\/2024\/02\/05-1024x702.jpg\" alt=\"\" class=\"wp-image-1701\" style=\"aspect-ratio:16\/9;object-fit:cover\" srcset=\"https:\/\/www.mrn.ch\/wp-content\/uploads\/2024\/02\/05-1024x702.jpg 1024w, https:\/\/www.mrn.ch\/wp-content\/uploads\/2024\/02\/05-300x205.jpg 300w, https:\/\/www.mrn.ch\/wp-content\/uploads\/2024\/02\/05-768x527.jpg 768w, https:\/\/www.mrn.ch\/wp-content\/uploads\/2024\/02\/05-1536x1053.jpg 1536w, https:\/\/www.mrn.ch\/wp-content\/uploads\/2024\/02\/05-2048x1404.jpg 2048w\" sizes=\"auto, (max-width: 1024px) 100vw, 1024px\" \/><\/figure>\n\n<p>The amphitheatre is located to the north of the old town, below the road leading to the Roman settlement of Lousonna (Lausanne-Vidy). It is built into the hillside, within the confines of a valley. The dimensions of its arena \u2013 50 meters in its long axis and 36 meters in its short axis \u2013 place it in the middle of a series of Swiss buildings of the same nature, behind those of Windisch and Avenches and in front of those of Augst-Sichelengraben and Martigny.<\/p>\n\n<p>It was built in the early 2nd century AD. After being abandoned at the end of the Roman era, the site served as a quarry before being completely filled in by embankments in the 17th century.<\/p>\n\n<p>As important venues for social and cultural life, amphitheatres were designed to host public spectacles such as gladiatorial combats, animal hunts and sometimes, public executions. In Nyon, the amphitheatre attracted residents of the region, but also those of Genua (Geneva) and Lousonna (Lausanne-Vidy) for major festivals and events. If its total area is not known.  Although the total surface area of the amphitheatre is not known, it is possible to reconstruct 17 rows of seating tiers that could seat several thousand spectators.<\/p>\n\n<p>Current studies show that at least three construction sites were built in succession, corresponding to repairs required following damage probably caused by water. Analysis of the large number of architectural blocks allows us to understand the work of the builders associated with these different stages of construction and repair.<\/p>\n\n<h2 class=\"wp-block-heading\">Arena, tiers, doors, water drainage&#8230;<\/h2>\n\n<p>The arena had a dirt floor in which pits and postholes were observed in large numbers. They could be linked to stage arrangements or light constructions contemporary with the use of the monument as a performance venue.<\/p>\n\n<p>A few very damaged blocks of molasse still indicate the presence of the tiers. The first rows, separated by a low wall, seem narrower. They were undoubtedly intended for the notables who benefited from a row for sitting and another for resting their feet.<\/p>\n\n<p>Two doors provide access to the arena: one opening onto the city, the other onto a path leading from the shores of the lake.&#13;\n<\/p>\n\n<p>Two boxes (<em>carceres<\/em>) &#8211; used to confine the animals before the shows &#8211; were located opposite to each other in the middle of the arena walls. They were closed by a door or a gate, now disappeared. <\/p>\n\n<p>A wooden formwork established in the center of the arena and a well, made of a barrel equipped with what could have been a pump house, were also excavated. Studies are currently underway to ascertain whether they were built at the same time as the monument.<\/p>\n\n<p>The position of the amphitheatre in a valley led to significant water management difficulties. Drains and sewers were laid across the arena to ensure accessibility and preserve the structures. The drains \u2013 some of which were covered with blocks that once belonged to the tiers or the podium \u2013 certainly flowed into the lake.<\/p>\n\n<figure class=\"wp-block-gallery has-nested-images columns-default is-cropped wp-block-gallery-1 is-layout-flex wp-block-gallery-is-layout-flex\">\n<figure class=\"wp-block-image size-large\"><img loading=\"lazy\" decoding=\"async\" width=\"670\" height=\"1024\" data-id=\"1715\" src=\"http:\/\/www.mrn.ch\/wp-content\/uploads\/2024\/02\/42-670x1024.jpg\" alt=\"\" class=\"wp-image-1715\" srcset=\"https:\/\/www.mrn.ch\/wp-content\/uploads\/2024\/02\/42-670x1024.jpg 670w, https:\/\/www.mrn.ch\/wp-content\/uploads\/2024\/02\/42-196x300.jpg 196w, https:\/\/www.mrn.ch\/wp-content\/uploads\/2024\/02\/42-1006x1536.jpg 1006w, https:\/\/www.mrn.ch\/wp-content\/uploads\/2024\/02\/42-1341x2048.jpg 1341w, https:\/\/www.mrn.ch\/wp-content\/uploads\/2024\/02\/42-scaled.jpg 1677w\" sizes=\"auto, (max-width: 670px) 100vw, 670px\" \/><figcaption class=\"wp-element-caption\">Nyon excavations <strong>\u00a9<\/strong> Archeodunum SA<\/figcaption><\/figure>\n\n\n\n<figure class=\"wp-block-image size-large\"><img loading=\"lazy\" decoding=\"async\" width=\"677\" height=\"1023\" data-id=\"1721\" src=\"http:\/\/www.mrn.ch\/wp-content\/uploads\/2024\/02\/04-677x1023.jpg\" alt=\"\" class=\"wp-image-1721\" srcset=\"https:\/\/www.mrn.ch\/wp-content\/uploads\/2024\/02\/04-677x1023.jpg 677w, https:\/\/www.mrn.ch\/wp-content\/uploads\/2024\/02\/04-198x300.jpg 198w, https:\/\/www.mrn.ch\/wp-content\/uploads\/2024\/02\/04-768x1161.jpg 768w, https:\/\/www.mrn.ch\/wp-content\/uploads\/2024\/02\/04-1354x2047.jpg 1354w, https:\/\/www.mrn.ch\/wp-content\/uploads\/2024\/02\/04.jpg 1172w\" sizes=\"auto, (max-width: 677px) 100vw, 677px\" \/><figcaption class=\"wp-element-caption\">Nyon excavations <strong>\u00a9<\/strong> Archeodunum SA<\/figcaption><\/figure>\n<\/figure>\n\n<h2 class=\"wp-block-heading\">Preserving the monument <\/h2>\n\n<p>Restoration work was carried out between 1998 and 2001 to consolidate the unstable areas of the masonry wall of the arena and rebuild certain collapsed sections. Drainage systems were also installed along the outer facings of the arena walls to protect them from infiltration. In order to prevent the restored structures from being weakened by the elements, a temporary cover was put in place in 1997 to delay the deterioration process.<\/p>\n\n<p>A maintenance and preventive conservation protocol is currently being developed. There are indeed risks of alteration of the remains, which have been identified as being of a high degree of authenticity.<\/p>\n<div class=\"block-buttons\">\n    <a href=\"http:\/\/www.mrn.ch\/dossier\/amphitheatre\/\" class=\"btn\" >\n    Amphitheatre complete file   <\/a>\n    <a href=\"http:\/\/www.mrn.ch\/projet-de-valorisation\/\" class=\"btn\" >\n    Valorisation project   <\/a>\n    <a href=\"http:\/\/www.mrn.ch\/expositions\/amphitheatre\/\" class=\"btn\" >\n    Amphitheatre exhibition?  <\/a>\n  <\/div>\n<div class=\"custom-gallery gallery\">\n  <div class=\"swiper-wrapper\">\n        <a href=\"https:\/\/www.mrn.ch\/wp-content\/uploads\/2024\/02\/NY_Amphi_plan_mediation_page-0001.jpg\" class=\"swiper-slide\" data-caption=\"Plan Amphith\u00e9\u00e2tre Nyon \u00a9 Archeodunum SA \">\n      <img decoding=\"async\" src=\"https:\/\/www.mrn.ch\/wp-content\/uploads\/fly-images\/1940\/NY_Amphi_plan_mediation_page-0001-750x99999.jpg\"\n        srcset=\"https:\/\/www.mrn.ch\/wp-content\/uploads\/fly-images\/1940\/NY_Amphi_plan_mediation_page-0001-750x99999.jpg 1x, https:\/\/www.mrn.ch\/wp-content\/uploads\/fly-images\/1940\/NY_Amphi_plan_mediation_page-0001-1500x99999.jpg 2x\"\n        alt=\"Plan Amphith\u00e9\u00e2tre Nyon \u00a9 Archeodunum SA \">\n    <\/a>\n        <a href=\"https:\/\/www.mrn.ch\/wp-content\/uploads\/2024\/02\/Aerienne_amphitheatre_Nyon_17_3_2017_0151_Michel-Perret.jpg\" class=\"swiper-slide\" data-caption=\"Aerienne quartier de la Vy Creuse amphitheatre Nyon Est le 17.3.2017 ADN \u00a9 photo Michel Perret\">\n      <img decoding=\"async\" src=\"https:\/\/www.mrn.ch\/wp-content\/uploads\/fly-images\/1704\/Aerienne_amphitheatre_Nyon_17_3_2017_0151_Michel-Perret-750x99999.jpg\"\n        srcset=\"https:\/\/www.mrn.ch\/wp-content\/uploads\/fly-images\/1704\/Aerienne_amphitheatre_Nyon_17_3_2017_0151_Michel-Perret-750x99999.jpg 1x, https:\/\/www.mrn.ch\/wp-content\/uploads\/fly-images\/1704\/Aerienne_amphitheatre_Nyon_17_3_2017_0151_Michel-Perret-1500x99999.jpg 2x\"\n        alt=\"\">\n    <\/a>\n        <a href=\"https:\/\/www.mrn.ch\/wp-content\/uploads\/2024\/02\/NY98_F176CH_07-scaled.jpg\" class=\"swiper-slide\" data-caption=\"Orthostate du mur de l'amphith\u00e9\u00e2tre\">\n      <img decoding=\"async\" src=\"https:\/\/www.mrn.ch\/wp-content\/uploads\/fly-images\/1756\/NY98_F176CH_07-scaled-750x99999.jpg\"\n        srcset=\"https:\/\/www.mrn.ch\/wp-content\/uploads\/fly-images\/1756\/NY98_F176CH_07-scaled-750x99999.jpg 1x, https:\/\/www.mrn.ch\/wp-content\/uploads\/fly-images\/1756\/NY98_F176CH_07-scaled-1500x99999.jpg 2x\"\n        alt=\"\">\n    <\/a>\n        <a href=\"https:\/\/www.mrn.ch\/wp-content\/uploads\/2024\/02\/37.jpg\" class=\"swiper-slide\" data-caption=\"Fouille de la porte ouest de l'ar\u00e8ne et de ses abords \u00a9 archeodunum\">\n      <img decoding=\"async\" src=\"https:\/\/www.mrn.ch\/wp-content\/uploads\/fly-images\/1712\/37-750x99999.jpg\"\n        srcset=\"https:\/\/www.mrn.ch\/wp-content\/uploads\/fly-images\/1712\/37-750x99999.jpg 1x, https:\/\/www.mrn.ch\/wp-content\/uploads\/fly-images\/1712\/37-1500x99999.jpg 2x\"\n        alt=\"\">\n    <\/a>\n        <a href=\"https:\/\/www.mrn.ch\/wp-content\/uploads\/2024\/02\/26.jpg\" class=\"swiper-slide\" data-caption=\"Gradins, quart sud-ouest de l'ar\u00e8ne\">\n      <img decoding=\"async\" src=\"https:\/\/www.mrn.ch\/wp-content\/uploads\/fly-images\/1708\/26-750x99999.jpg\"\n        srcset=\"https:\/\/www.mrn.ch\/wp-content\/uploads\/fly-images\/1708\/26-750x99999.jpg 1x, https:\/\/www.mrn.ch\/wp-content\/uploads\/fly-images\/1708\/26-1500x99999.jpg 2x\"\n        alt=\"\">\n    <\/a>\n        <a href=\"https:\/\/www.mrn.ch\/wp-content\/uploads\/2024\/02\/32.jpg\" class=\"swiper-slide\" data-caption=\"Canalisation voisine du carcer nord-ouest de l'ar\u00e8ne \u00a9 archeodunum\">\n      <img decoding=\"async\" src=\"https:\/\/www.mrn.ch\/wp-content\/uploads\/fly-images\/1758\/32-750x99999.jpg\"\n        srcset=\"https:\/\/www.mrn.ch\/wp-content\/uploads\/fly-images\/1758\/32-750x99999.jpg 1x, https:\/\/www.mrn.ch\/wp-content\/uploads\/fly-images\/1758\/32-1500x99999.jpg 2x\"\n        alt=\"\">\n    <\/a>\n        <a href=\"https:\/\/www.mrn.ch\/wp-content\/uploads\/2024\/02\/34-scaled.jpg\" class=\"swiper-slide\" data-caption=\"Canalisation en escalier r\u00e9coltant l'eau de pluie en amont des gradins\">\n      <img decoding=\"async\" src=\"https:\/\/www.mrn.ch\/wp-content\/uploads\/fly-images\/1692\/34-scaled-750x99999.jpg\"\n        srcset=\"https:\/\/www.mrn.ch\/wp-content\/uploads\/fly-images\/1692\/34-scaled-750x99999.jpg 1x, https:\/\/www.mrn.ch\/wp-content\/uploads\/fly-images\/1692\/34-scaled-1500x99999.jpg 2x\"\n        alt=\"\">\n    <\/a>\n        <a href=\"https:\/\/www.mrn.ch\/wp-content\/uploads\/2024\/02\/Incription-publice-scaled.jpg\" class=\"swiper-slide\" data-caption=\"Inscription en l'honneur de l'empereur Trajan, dat\u00e9e de 111 apr\u00e8s J.-C. et retrouv\u00e9e dans l'amphith\u00e9\u00e2tre\">\n      <img decoding=\"async\" src=\"https:\/\/www.mrn.ch\/wp-content\/uploads\/fly-images\/1698\/Incription-publice-scaled-750x99999.jpg\"\n        srcset=\"https:\/\/www.mrn.ch\/wp-content\/uploads\/fly-images\/1698\/Incription-publice-scaled-750x99999.jpg 1x, https:\/\/www.mrn.ch\/wp-content\/uploads\/fly-images\/1698\/Incription-publice-scaled-1500x99999.jpg 2x\"\n        alt=\"\">\n    <\/a>\n        <a href=\"https:\/\/www.mrn.ch\/wp-content\/uploads\/2024\/02\/Inscription-pannioter-1-scaled.jpg\" class=\"swiper-slide\" data-caption=\"Inscription honorifique offerte \u00e0 P. Annius Montanus par sa fille Annia Sabina\">\n      <img decoding=\"async\" src=\"https:\/\/www.mrn.ch\/wp-content\/uploads\/fly-images\/1773\/Inscription-pannioter-1-scaled-750x99999.jpg\"\n        srcset=\"https:\/\/www.mrn.ch\/wp-content\/uploads\/fly-images\/1773\/Inscription-pannioter-1-scaled-750x99999.jpg 1x, https:\/\/www.mrn.ch\/wp-content\/uploads\/fly-images\/1773\/Inscription-pannioter-1-scaled-1500x99999.jpg 2x\"\n        alt=\"\">\n    <\/a>\n        <a href=\"https:\/\/www.mrn.ch\/wp-content\/uploads\/2023\/10\/MRN-lampe-gladiat-129-2.jpg\" class=\"swiper-slide\" data-caption=\"Photo: R\u00e9my Gindroz\">\n      <img decoding=\"async\" src=\"https:\/\/www.mrn.ch\/wp-content\/uploads\/fly-images\/1358\/MRN-lampe-gladiat-129-2-750x99999.jpg\"\n        srcset=\"https:\/\/www.mrn.ch\/wp-content\/uploads\/fly-images\/1358\/MRN-lampe-gladiat-129-2-750x99999.jpg 1x, https:\/\/www.mrn.ch\/wp-content\/uploads\/fly-images\/1358\/MRN-lampe-gladiat-129-2-1500x99999.jpg 2x\"\n        alt=\"\">\n    <\/a>\n        <a href=\"https:\/\/www.mrn.ch\/wp-content\/uploads\/2022\/08\/MRN-Perle-01.jpg\" class=\"swiper-slide\" data-caption=\"Photo: R\u00e9my Gindroz\">\n      <img decoding=\"async\" src=\"https:\/\/www.mrn.ch\/wp-content\/uploads\/fly-images\/1207\/MRN-Perle-01-750x99999.jpg\"\n        srcset=\"https:\/\/www.mrn.ch\/wp-content\/uploads\/fly-images\/1207\/MRN-Perle-01-750x99999.jpg 1x, https:\/\/www.mrn.ch\/wp-content\/uploads\/fly-images\/1207\/MRN-Perle-01-1500x99999.jpg 2x\"\n        alt=\"\">\n    <\/a>\n      <\/div>\n\n  <!-- If we need navigation buttons -->\n  <div class=\"swiper-arrows\">\n    <div class=\"swiper-button-prev swiper-btn\">\n      <svg xmlns=\"http:\/\/www.w3.org\/2000\/svg\" width=\"27.269\" height=\"15.972\" viewBox=\"0 0 27.269 15.972\">\n  <g id=\"noun-arrow-4804406\" transform=\"translate(27.269 15.972) rotate(180)\">\n    <path id=\"Trac\u00e9_31\" data-name=\"Trac\u00e9 31\"\n      d=\"M27.471,17.128,21.69,22.919A.913.913,0,1,1,20.4,21.628l5.518-5.518H1.909a.909.909,0,0,1,0-1.818H25.917L20.4,8.774A.913.913,0,0,1,21.69,7.483l5.782,5.791a2.727,2.727,0,0,1,0,3.854Z\"\n      transform=\"translate(-1 -7.216)\" fill=\"#000\" \/>\n  <\/g>\n<\/svg>    <\/div>\n    <div class=\"swiper-button-next  swiper-btn\">\n      <svg id=\"noun-arrow-4804406\" xmlns=\"http:\/\/www.w3.org\/2000\/svg\" width=\"27.269\" height=\"15.972\"\n  viewBox=\"0 0 27.269 15.972\">\n  <path id=\"Trac\u00e9_31\" data-name=\"Trac\u00e9 31\"\n    d=\"M27.471,17.128,21.69,22.919A.913.913,0,1,1,20.4,21.628l5.518-5.518H1.909a.909.909,0,0,1,0-1.818H25.917L20.4,8.774A.913.913,0,0,1,21.69,7.483l5.782,5.791a2.727,2.727,0,0,1,0,3.854Z\"\n    transform=\"translate(-1 -7.216)\" fill=\"#000\" \/>\n<\/svg>    <\/div>\n\n  <\/div>\n<\/div>\n<div class=\"wp-block-columns is-layout-flex wp-container-core-columns-is-layout-9d6595d7 wp-block-columns-is-layout-flex\">\n<div class=\"wp-block-column is-layout-flow wp-block-column-is-layout-flow\"><\/div>\n\n\n\n<div class=\"wp-block-column is-layout-flow wp-block-column-is-layout-flow\"><\/div>\n<\/div>\n","protected":false},"excerpt":{"rendered":"<p>The amphitheatre is located to the north of the old town, below the road leading to the Roman settlement of Lousonna (Lausanne-Vidy). It is built into the hillside, within the confines of a valley. The dimensions of its arena \u2013 50 meters in its long axis and 36 meters in its short axis \u2013 place [&hellip;]<\/p>\n","protected":false},"author":1,"featured_media":570,"parent":0,"menu_order":0,"comment_status":"closed","ping_status":"closed","template":"","meta":{"_acf_changed":false,"footnotes":""},"class_list":["post-2487","page","type-page","status-publish","has-post-thumbnail","hentry"],"acf":[],"yoast_head":"<!-- This site is optimized with the Yoast SEO plugin v27.4 - https:\/\/yoast.com\/product\/yoast-seo-wordpress\/ -->\n<title>The amphitheatre - RMN<\/title>\n<meta name=\"robots\" content=\"index, follow, max-snippet:-1, max-image-preview:large, max-video-preview:-1\" \/>\n<link rel=\"canonical\" href=\"https:\/\/www.mrn.ch\/en\/the-amphitheater\/\" \/>\n<meta property=\"og:locale\" content=\"en_US\" \/>\n<meta property=\"og:type\" content=\"article\" \/>\n<meta property=\"og:title\" content=\"The amphitheatre - RMN\" \/>\n<meta property=\"og:description\" content=\"The amphitheatre is located to the north of the old town, below the road leading to the Roman settlement of Lousonna (Lausanne-Vidy). It is built into the hillside, within the confines of a valley. The dimensions of its arena \u2013 50 meters in its long axis and 36 meters in its short axis \u2013 place [&hellip;]\" \/>\n<meta property=\"og:url\" content=\"https:\/\/www.mrn.ch\/en\/the-amphitheater\/\" \/>\n<meta property=\"og:site_name\" content=\"RMN\" \/>\n<meta property=\"article:publisher\" content=\"https:\/\/www.facebook.com\/museeromaindenyon\/\" \/>\n<meta property=\"article:modified_time\" content=\"2026-02-24T06:38:03+00:00\" \/>\n<meta property=\"og:image\" content=\"https:\/\/www.mrn.ch\/wp-content\/uploads\/2023\/06\/amphitheatre.jpg\" \/>\n\t<meta property=\"og:image:width\" content=\"902\" \/>\n\t<meta property=\"og:image:height\" content=\"621\" \/>\n\t<meta property=\"og:image:type\" content=\"image\/jpeg\" \/>\n<meta name=\"twitter:card\" content=\"summary_large_image\" \/>\n<meta name=\"twitter:label1\" content=\"Est. reading time\" \/>\n\t<meta name=\"twitter:data1\" content=\"3 minutes\" \/>\n<script type=\"application\/ld+json\" class=\"yoast-schema-graph\">{\"@context\":\"https:\\\/\\\/schema.org\",\"@graph\":[{\"@type\":\"WebPage\",\"@id\":\"https:\\\/\\\/www.mrn.ch\\\/en\\\/the-amphitheater\\\/\",\"url\":\"https:\\\/\\\/www.mrn.ch\\\/en\\\/the-amphitheater\\\/\",\"name\":\"The amphitheatre - RMN\",\"isPartOf\":{\"@id\":\"https:\\\/\\\/www.mrn.ch\\\/#website\"},\"primaryImageOfPage\":{\"@id\":\"https:\\\/\\\/www.mrn.ch\\\/en\\\/the-amphitheater\\\/#primaryimage\"},\"image\":{\"@id\":\"https:\\\/\\\/www.mrn.ch\\\/en\\\/the-amphitheater\\\/#primaryimage\"},\"thumbnailUrl\":\"https:\\\/\\\/www.mrn.ch\\\/wp-content\\\/uploads\\\/2023\\\/06\\\/amphitheatre.jpg\",\"datePublished\":\"2022-08-11T08:51:13+00:00\",\"dateModified\":\"2026-02-24T06:38:03+00:00\",\"breadcrumb\":{\"@id\":\"https:\\\/\\\/www.mrn.ch\\\/en\\\/the-amphitheater\\\/#breadcrumb\"},\"inLanguage\":\"en-US\",\"potentialAction\":[{\"@type\":\"ReadAction\",\"target\":[\"https:\\\/\\\/www.mrn.ch\\\/en\\\/the-amphitheater\\\/\"]}]},{\"@type\":\"ImageObject\",\"inLanguage\":\"en-US\",\"@id\":\"https:\\\/\\\/www.mrn.ch\\\/en\\\/the-amphitheater\\\/#primaryimage\",\"url\":\"https:\\\/\\\/www.mrn.ch\\\/wp-content\\\/uploads\\\/2023\\\/06\\\/amphitheatre.jpg\",\"contentUrl\":\"https:\\\/\\\/www.mrn.ch\\\/wp-content\\\/uploads\\\/2023\\\/06\\\/amphitheatre.jpg\",\"width\":902,\"height\":621,\"caption\":\"Amphith\u00e9\u00e2tre de Nyon vu de dessus \u00a9Archeodunum Investigations Arch\u00e9ologiques SA\"},{\"@type\":\"BreadcrumbList\",\"@id\":\"https:\\\/\\\/www.mrn.ch\\\/en\\\/the-amphitheater\\\/#breadcrumb\",\"itemListElement\":[{\"@type\":\"ListItem\",\"position\":1,\"name\":\"Accueil\",\"item\":\"https:\\\/\\\/www.mrn.ch\\\/en\\\/\"},{\"@type\":\"ListItem\",\"position\":2,\"name\":\"The amphitheatre\"}]},{\"@type\":\"WebSite\",\"@id\":\"https:\\\/\\\/www.mrn.ch\\\/#website\",\"url\":\"https:\\\/\\\/www.mrn.ch\\\/\",\"name\":\"MRN\",\"description\":\"\",\"publisher\":{\"@id\":\"https:\\\/\\\/www.mrn.ch\\\/#organization\"},\"potentialAction\":[{\"@type\":\"SearchAction\",\"target\":{\"@type\":\"EntryPoint\",\"urlTemplate\":\"https:\\\/\\\/www.mrn.ch\\\/?s={search_term_string}\"},\"query-input\":{\"@type\":\"PropertyValueSpecification\",\"valueRequired\":true,\"valueName\":\"search_term_string\"}}],\"inLanguage\":\"en-US\"},{\"@type\":\"Organization\",\"@id\":\"https:\\\/\\\/www.mrn.ch\\\/#organization\",\"name\":\"Mus\u00e9e Romain de Nyon\",\"url\":\"https:\\\/\\\/www.mrn.ch\\\/\",\"logo\":{\"@type\":\"ImageObject\",\"inLanguage\":\"en-US\",\"@id\":\"https:\\\/\\\/www.mrn.ch\\\/#\\\/schema\\\/logo\\\/image\\\/\",\"url\":\"http:\\\/\\\/www.mrn.ch\\\/wp-content\\\/uploads\\\/2023\\\/06\\\/ROMAIN-NYON-LOGO1-NOIR-1.png\",\"contentUrl\":\"http:\\\/\\\/www.mrn.ch\\\/wp-content\\\/uploads\\\/2023\\\/06\\\/ROMAIN-NYON-LOGO1-NOIR-1.png\",\"width\":664,\"height\":276,\"caption\":\"Mus\u00e9e Romain de Nyon\"},\"image\":{\"@id\":\"https:\\\/\\\/www.mrn.ch\\\/#\\\/schema\\\/logo\\\/image\\\/\"},\"sameAs\":[\"https:\\\/\\\/www.facebook.com\\\/museeromaindenyon\\\/\",\"https:\\\/\\\/www.instagram.com\\\/musee_romain_nyon\\\/\"]}]}<\/script>\n<!-- \/ Yoast SEO plugin. -->","yoast_head_json":{"title":"The amphitheatre - RMN","robots":{"index":"index","follow":"follow","max-snippet":"max-snippet:-1","max-image-preview":"max-image-preview:large","max-video-preview":"max-video-preview:-1"},"canonical":"https:\/\/www.mrn.ch\/en\/the-amphitheater\/","og_locale":"en_US","og_type":"article","og_title":"The amphitheatre - RMN","og_description":"The amphitheatre is located to the north of the old town, below the road leading to the Roman settlement of Lousonna (Lausanne-Vidy). It is built into the hillside, within the confines of a valley. The dimensions of its arena \u2013 50 meters in its long axis and 36 meters in its short axis \u2013 place [&hellip;]","og_url":"https:\/\/www.mrn.ch\/en\/the-amphitheater\/","og_site_name":"RMN","article_publisher":"https:\/\/www.facebook.com\/museeromaindenyon\/","article_modified_time":"2026-02-24T06:38:03+00:00","og_image":[{"width":902,"height":621,"url":"https:\/\/www.mrn.ch\/wp-content\/uploads\/2023\/06\/amphitheatre.jpg","type":"image\/jpeg"}],"twitter_card":"summary_large_image","twitter_misc":{"Est. reading time":"3 minutes"},"schema":{"@context":"https:\/\/schema.org","@graph":[{"@type":"WebPage","@id":"https:\/\/www.mrn.ch\/en\/the-amphitheater\/","url":"https:\/\/www.mrn.ch\/en\/the-amphitheater\/","name":"The amphitheatre - RMN","isPartOf":{"@id":"https:\/\/www.mrn.ch\/#website"},"primaryImageOfPage":{"@id":"https:\/\/www.mrn.ch\/en\/the-amphitheater\/#primaryimage"},"image":{"@id":"https:\/\/www.mrn.ch\/en\/the-amphitheater\/#primaryimage"},"thumbnailUrl":"https:\/\/www.mrn.ch\/wp-content\/uploads\/2023\/06\/amphitheatre.jpg","datePublished":"2022-08-11T08:51:13+00:00","dateModified":"2026-02-24T06:38:03+00:00","breadcrumb":{"@id":"https:\/\/www.mrn.ch\/en\/the-amphitheater\/#breadcrumb"},"inLanguage":"en-US","potentialAction":[{"@type":"ReadAction","target":["https:\/\/www.mrn.ch\/en\/the-amphitheater\/"]}]},{"@type":"ImageObject","inLanguage":"en-US","@id":"https:\/\/www.mrn.ch\/en\/the-amphitheater\/#primaryimage","url":"https:\/\/www.mrn.ch\/wp-content\/uploads\/2023\/06\/amphitheatre.jpg","contentUrl":"https:\/\/www.mrn.ch\/wp-content\/uploads\/2023\/06\/amphitheatre.jpg","width":902,"height":621,"caption":"Amphith\u00e9\u00e2tre de Nyon vu de dessus \u00a9Archeodunum Investigations Arch\u00e9ologiques SA"},{"@type":"BreadcrumbList","@id":"https:\/\/www.mrn.ch\/en\/the-amphitheater\/#breadcrumb","itemListElement":[{"@type":"ListItem","position":1,"name":"Accueil","item":"https:\/\/www.mrn.ch\/en\/"},{"@type":"ListItem","position":2,"name":"The amphitheatre"}]},{"@type":"WebSite","@id":"https:\/\/www.mrn.ch\/#website","url":"https:\/\/www.mrn.ch\/","name":"MRN","description":"","publisher":{"@id":"https:\/\/www.mrn.ch\/#organization"},"potentialAction":[{"@type":"SearchAction","target":{"@type":"EntryPoint","urlTemplate":"https:\/\/www.mrn.ch\/?s={search_term_string}"},"query-input":{"@type":"PropertyValueSpecification","valueRequired":true,"valueName":"search_term_string"}}],"inLanguage":"en-US"},{"@type":"Organization","@id":"https:\/\/www.mrn.ch\/#organization","name":"Mus\u00e9e Romain de Nyon","url":"https:\/\/www.mrn.ch\/","logo":{"@type":"ImageObject","inLanguage":"en-US","@id":"https:\/\/www.mrn.ch\/#\/schema\/logo\/image\/","url":"http:\/\/www.mrn.ch\/wp-content\/uploads\/2023\/06\/ROMAIN-NYON-LOGO1-NOIR-1.png","contentUrl":"http:\/\/www.mrn.ch\/wp-content\/uploads\/2023\/06\/ROMAIN-NYON-LOGO1-NOIR-1.png","width":664,"height":276,"caption":"Mus\u00e9e Romain de Nyon"},"image":{"@id":"https:\/\/www.mrn.ch\/#\/schema\/logo\/image\/"},"sameAs":["https:\/\/www.facebook.com\/museeromaindenyon\/","https:\/\/www.instagram.com\/musee_romain_nyon\/"]}]}},"_links":{"self":[{"href":"https:\/\/www.mrn.ch\/en\/wp-json\/wp\/v2\/pages\/2487","targetHints":{"allow":["GET"]}}],"collection":[{"href":"https:\/\/www.mrn.ch\/en\/wp-json\/wp\/v2\/pages"}],"about":[{"href":"https:\/\/www.mrn.ch\/en\/wp-json\/wp\/v2\/types\/page"}],"author":[{"embeddable":true,"href":"https:\/\/www.mrn.ch\/en\/wp-json\/wp\/v2\/users\/1"}],"replies":[{"embeddable":true,"href":"https:\/\/www.mrn.ch\/en\/wp-json\/wp\/v2\/comments?post=2487"}],"version-history":[{"count":6,"href":"https:\/\/www.mrn.ch\/en\/wp-json\/wp\/v2\/pages\/2487\/revisions"}],"predecessor-version":[{"id":4827,"href":"https:\/\/www.mrn.ch\/en\/wp-json\/wp\/v2\/pages\/2487\/revisions\/4827"}],"wp:featuredmedia":[{"embeddable":true,"href":"https:\/\/www.mrn.ch\/en\/wp-json\/wp\/v2\/media\/570"}],"wp:attachment":[{"href":"https:\/\/www.mrn.ch\/en\/wp-json\/wp\/v2\/media?parent=2487"}],"curies":[{"name":"wp","href":"https:\/\/api.w.org\/{rel}","templated":true}]}}