{"id":4738,"date":"2024-07-22T15:39:15","date_gmt":"2024-07-22T15:39:15","guid":{"rendered":"https:\/\/www.mrn.ch\/spectaculum-two-successful-days-of-celebration\/"},"modified":"2026-02-17T16:21:28","modified_gmt":"2026-02-17T16:21:28","slug":"spectaculum-two-successful-days-of-celebration","status":"publish","type":"page","link":"https:\/\/www.mrn.ch\/en\/spectaculum-two-successful-days-of-celebration\/","title":{"rendered":"Spectaculum! Two successful days of celebration"},"content":{"rendered":"\n<figure class=\"wp-block-embed is-type-video is-provider-youtube wp-block-embed-youtube wp-embed-aspect-16-9 wp-has-aspect-ratio\"><div class=\"wp-block-embed__wrapper\">\n<iframe loading=\"lazy\" title=\"SPECTACULUM! Journ\u00e9es romaines en collaboration avec les Journ\u00e9es vaudoises d&#039;arch\u00e9ologie\" width=\"500\" height=\"281\" src=\"https:\/\/www.youtube.com\/embed\/rIN-0nA1uhg?feature=oembed\" frameborder=\"0\" allow=\"accelerometer; autoplay; clipboard-write; encrypted-media; gyroscope; picture-in-picture; web-share\" referrerpolicy=\"strict-origin-when-cross-origin\" allowfullscreen><\/iframe>\n<\/div><figcaption class=\"wp-element-caption\">Film directed by Antoine Deblangy (@obitoine_)<\/figcaption><\/figure>\n\n<p>In collaboration with the Journ\u00e9es vaudoises d&#8217;Arch\u00e9ologie, the Roman Museum organized Roman Days on the theme of games and entertainment. They took place on June 8 and 9, 2024 in Nyon, between the Esplanade des Marronniers, the museum and the amphitheatre. The event was organized by enthusiasts, associations and specialists from archaeological institutions in the canton of Vaud.  <\/p>\n<div class=\"block-buttons\">\n    <a href=\"https:\/\/www.mrn.ch\/agenda\/spectaculum\/\" class=\"btn\" >\n    The Spectaculum page!  <\/a>\n    <a href=\"https:\/\/j-v-a.ch\/\" class=\"btn\" target=\"_blank\" rel=\"noreferrer noopener\" >\n    Vaud Archaeology Days  <\/a>\n  <\/div>\n<p>The amphitheater was open to visitors, gladiatorial combat and training enlivened the esplanade, games of skill, strategy and role-playing were offered to the public, and tales and tirades were recited throughout the weekend. Artisans revealed the ancient secrets of ceramics and dyes, as well as glass and metalwork. <\/p>\n\n<p>The two-day event was a great success:<\/p>\n\n<ul class=\"wp-block-list\">\n<li>More than 5,000 people visited the Esplanade des Marronniers and the Roman Museum in Nyon,<\/li>\n\n\n\n<li>13 guided tours of the amphitheatre and the exhibition dedicated to it at the museum,<\/li>\n\n\n\n<li>7 gladiator fights and 5 introductory gladiator sessions for children,<\/li>\n\n\n\n<li>12 theatrical performances and as many storytelling events,<\/li>\n\n\n\n<li>14 stands to present all aspects of archaeology and antiquity, with games, crafts, workshops, tastings and demonstrations.<\/li>\n<\/ul>\n<div class=\"block-buttons\">\n    <a href=\"https:\/\/www.mrn.ch\/wp-content\/uploads\/2024\/03\/JRN_Programme_Sanstraitsdecoupe.pdf\" class=\"btn btn--download\" target=\"_blank\">\n    Download the full program    <\/a>\n  <\/div>\n<div class=\"custom-gallery gallery\">\n  <div class=\"swiper-wrapper\">\n        <a href=\"https:\/\/www.mrn.ch\/wp-content\/uploads\/2024\/07\/Spectaculum_2024_Benjamin-Banon_affiche.jpg\" class=\"swiper-slide\" data-caption=\"Spectaculum!\n\">\n      <img decoding=\"async\" src=\"https:\/\/www.mrn.ch\/wp-content\/uploads\/fly-images\/3487\/Spectaculum_2024_Benjamin-Banon_affiche-750x99999.jpg\"\n        srcset=\"https:\/\/www.mrn.ch\/wp-content\/uploads\/fly-images\/3487\/Spectaculum_2024_Benjamin-Banon_affiche-750x99999.jpg 1x, https:\/\/www.mrn.ch\/wp-content\/uploads\/fly-images\/3487\/Spectaculum_2024_Benjamin-Banon_affiche-1500x99999.jpg 2x\"\n        alt=\"Affiche Spectaculum!\">\n    <\/a>\n        <a href=\"https:\/\/www.mrn.ch\/wp-content\/uploads\/2024\/07\/Spectaculum_2024_Benjamin-Banon_theatre.jpg\" class=\"swiper-slide\" data-caption=\"Spectaculum! Compagnie STOA\n\u00a9Benjamin Banon, juin 2024\">\n      <img decoding=\"async\" src=\"https:\/\/www.mrn.ch\/wp-content\/uploads\/fly-images\/3525\/Spectaculum_2024_Benjamin-Banon_theatre-750x99999.jpg\"\n        srcset=\"https:\/\/www.mrn.ch\/wp-content\/uploads\/fly-images\/3525\/Spectaculum_2024_Benjamin-Banon_theatre-750x99999.jpg 1x, https:\/\/www.mrn.ch\/wp-content\/uploads\/fly-images\/3525\/Spectaculum_2024_Benjamin-Banon_theatre-1500x99999.jpg 2x\"\n        alt=\"Aristophane sur l'esplanade des Marronniers \u00e0 Nyon\">\n    <\/a>\n        <a href=\"https:\/\/www.mrn.ch\/wp-content\/uploads\/2024\/07\/Spectaculum_2024_Benjamin-Banon_gladiateurs2.jpg\" class=\"swiper-slide\" data-caption=\"Spectaculum! Gladiateurs de la troupe ACTA\n\u00a9Benjamin Banon, juin 2024\">\n      <img decoding=\"async\" src=\"https:\/\/www.mrn.ch\/wp-content\/uploads\/fly-images\/3501\/Spectaculum_2024_Benjamin-Banon_gladiateurs2-750x99999.jpg\"\n        srcset=\"https:\/\/www.mrn.ch\/wp-content\/uploads\/fly-images\/3501\/Spectaculum_2024_Benjamin-Banon_gladiateurs2-750x99999.jpg 1x, https:\/\/www.mrn.ch\/wp-content\/uploads\/fly-images\/3501\/Spectaculum_2024_Benjamin-Banon_gladiateurs2-1500x99999.jpg 2x\"\n        alt=\"Gladiateur\">\n    <\/a>\n        <a href=\"https:\/\/www.mrn.ch\/wp-content\/uploads\/2024\/07\/Spectaculum_2024_Benjamin-Banon_gladiateurs3.jpg\" class=\"swiper-slide\" data-caption=\"Spectaculum! Gladiateurs de la troupe ACTA\n\u00a9Benjamin Banon, juin 2024\">\n      <img decoding=\"async\" src=\"https:\/\/www.mrn.ch\/wp-content\/uploads\/fly-images\/3503\/Spectaculum_2024_Benjamin-Banon_gladiateurs3-750x99999.jpg\"\n        srcset=\"https:\/\/www.mrn.ch\/wp-content\/uploads\/fly-images\/3503\/Spectaculum_2024_Benjamin-Banon_gladiateurs3-750x99999.jpg 1x, https:\/\/www.mrn.ch\/wp-content\/uploads\/fly-images\/3503\/Spectaculum_2024_Benjamin-Banon_gladiateurs3-1500x99999.jpg 2x\"\n        alt=\"Gladiateur\">\n    <\/a>\n        <a href=\"https:\/\/www.mrn.ch\/wp-content\/uploads\/2024\/07\/Spectaculum_2024_Benjamin-Banon_gladiateurs4.jpg\" class=\"swiper-slide\" data-caption=\"Spectaculum! Gladiateurs de la troupe ACTA\n\u00a9Benjamin Banon, juin 2024\">\n      <img decoding=\"async\" src=\"https:\/\/www.mrn.ch\/wp-content\/uploads\/fly-images\/3505\/Spectaculum_2024_Benjamin-Banon_gladiateurs4-750x99999.jpg\"\n        srcset=\"https:\/\/www.mrn.ch\/wp-content\/uploads\/fly-images\/3505\/Spectaculum_2024_Benjamin-Banon_gladiateurs4-750x99999.jpg 1x, https:\/\/www.mrn.ch\/wp-content\/uploads\/fly-images\/3505\/Spectaculum_2024_Benjamin-Banon_gladiateurs4-1500x99999.jpg 2x\"\n        alt=\"Combat de gladiateurs\">\n    <\/a>\n        <a href=\"https:\/\/www.mrn.ch\/wp-content\/uploads\/2024\/07\/Spectaculum_2024_Benjamin-Banon_gladiateurs5.jpg\" class=\"swiper-slide\" data-caption=\"Spectaculum! Gladiateurs de la troupe ACTA\n\u00a9Benjamin Banon, juin 2024\">\n      <img decoding=\"async\" src=\"https:\/\/www.mrn.ch\/wp-content\/uploads\/fly-images\/3507\/Spectaculum_2024_Benjamin-Banon_gladiateurs5-750x99999.jpg\"\n        srcset=\"https:\/\/www.mrn.ch\/wp-content\/uploads\/fly-images\/3507\/Spectaculum_2024_Benjamin-Banon_gladiateurs5-750x99999.jpg 1x, https:\/\/www.mrn.ch\/wp-content\/uploads\/fly-images\/3507\/Spectaculum_2024_Benjamin-Banon_gladiateurs5-1500x99999.jpg 2x\"\n        alt=\"Combat de gladiateurs\">\n    <\/a>\n        <a href=\"https:\/\/www.mrn.ch\/wp-content\/uploads\/2024\/07\/Spectaculum_2024_Benjamin-Banon_contes.jpg\" class=\"swiper-slide\" data-caption=\"Spectaculum! Veni, audivi, amavi\n\u00a9Benjamin Banon, juin 2024\">\n      <img decoding=\"async\" src=\"https:\/\/www.mrn.ch\/wp-content\/uploads\/fly-images\/3497\/Spectaculum_2024_Benjamin-Banon_contes-750x99999.jpg\"\n        srcset=\"https:\/\/www.mrn.ch\/wp-content\/uploads\/fly-images\/3497\/Spectaculum_2024_Benjamin-Banon_contes-750x99999.jpg 1x, https:\/\/www.mrn.ch\/wp-content\/uploads\/fly-images\/3497\/Spectaculum_2024_Benjamin-Banon_contes-1500x99999.jpg 2x\"\n        alt=\"Contes\">\n    <\/a>\n        <a href=\"https:\/\/www.mrn.ch\/wp-content\/uploads\/2024\/07\/Spectaculum_2024_Benjamin-Banon_verre1.jpg\" class=\"swiper-slide\" data-caption=\"Spectaculum! Les Infondus\n\u00a9Benjamin Banon, juin 2024\">\n      <img decoding=\"async\" src=\"https:\/\/www.mrn.ch\/wp-content\/uploads\/fly-images\/3527\/Spectaculum_2024_Benjamin-Banon_verre1-750x99999.jpg\"\n        srcset=\"https:\/\/www.mrn.ch\/wp-content\/uploads\/fly-images\/3527\/Spectaculum_2024_Benjamin-Banon_verre1-750x99999.jpg 1x, https:\/\/www.mrn.ch\/wp-content\/uploads\/fly-images\/3527\/Spectaculum_2024_Benjamin-Banon_verre1-1500x99999.jpg 2x\"\n        alt=\"Verre souffl\u00e9\">\n    <\/a>\n        <a href=\"https:\/\/www.mrn.ch\/wp-content\/uploads\/2024\/07\/Spectaculum_2024_Benjamin-Banon_verre3.jpg\" class=\"swiper-slide\" data-caption=\"Spectaculum! Les Infondus\n\u00a9Benjamin Banon, juin 2024\">\n      <img decoding=\"async\" src=\"https:\/\/www.mrn.ch\/wp-content\/uploads\/fly-images\/3531\/Spectaculum_2024_Benjamin-Banon_verre3-750x99999.jpg\"\n        srcset=\"https:\/\/www.mrn.ch\/wp-content\/uploads\/fly-images\/3531\/Spectaculum_2024_Benjamin-Banon_verre3-750x99999.jpg 1x, https:\/\/www.mrn.ch\/wp-content\/uploads\/fly-images\/3531\/Spectaculum_2024_Benjamin-Banon_verre3-1500x99999.jpg 2x\"\n        alt=\"Verre souffl\u00e9\">\n    <\/a>\n        <a href=\"https:\/\/www.mrn.ch\/wp-content\/uploads\/2024\/07\/Spectaculum_2024_Benjamin-Banon_verre2.jpg\" class=\"swiper-slide\" data-caption=\"Spectaculum! Les Infondus\n\u00a9Benjamin Banon, juin 2024\">\n      <img decoding=\"async\" src=\"https:\/\/www.mrn.ch\/wp-content\/uploads\/fly-images\/3529\/Spectaculum_2024_Benjamin-Banon_verre2-750x99999.jpg\"\n        srcset=\"https:\/\/www.mrn.ch\/wp-content\/uploads\/fly-images\/3529\/Spectaculum_2024_Benjamin-Banon_verre2-750x99999.jpg 1x, https:\/\/www.mrn.ch\/wp-content\/uploads\/fly-images\/3529\/Spectaculum_2024_Benjamin-Banon_verre2-1500x99999.jpg 2x\"\n        alt=\"Verre souffl\u00e9\">\n    <\/a>\n        <a href=\"https:\/\/www.mrn.ch\/wp-content\/uploads\/2024\/07\/Spectaculum_2024_Benjamin-Banon_teinture.jpg\" class=\"swiper-slide\" data-caption=\"Spectaculum! Ad munera\n\u00a9Benjamin Banon, juin 2024\">\n      <img decoding=\"async\" src=\"https:\/\/www.mrn.ch\/wp-content\/uploads\/fly-images\/3523\/Spectaculum_2024_Benjamin-Banon_teinture-750x99999.jpg\"\n        srcset=\"https:\/\/www.mrn.ch\/wp-content\/uploads\/fly-images\/3523\/Spectaculum_2024_Benjamin-Banon_teinture-750x99999.jpg 1x, https:\/\/www.mrn.ch\/wp-content\/uploads\/fly-images\/3523\/Spectaculum_2024_Benjamin-Banon_teinture-1500x99999.jpg 2x\"\n        alt=\"Teinture et peinture\">\n    <\/a>\n        <a href=\"https:\/\/www.mrn.ch\/wp-content\/uploads\/2024\/07\/Spectaculum_2024_Benjamin-Banon_poupees.jpg\" class=\"swiper-slide\" data-caption=\"Spectaculum! La poup\u00e9e dans tous ses \u00e9tats\n\u00a9Benjamin Banon, juin 2024\">\n      <img decoding=\"async\" src=\"https:\/\/www.mrn.ch\/wp-content\/uploads\/fly-images\/3519\/Spectaculum_2024_Benjamin-Banon_poupees-750x99999.jpg\"\n        srcset=\"https:\/\/www.mrn.ch\/wp-content\/uploads\/fly-images\/3519\/Spectaculum_2024_Benjamin-Banon_poupees-750x99999.jpg 1x, https:\/\/www.mrn.ch\/wp-content\/uploads\/fly-images\/3519\/Spectaculum_2024_Benjamin-Banon_poupees-1500x99999.jpg 2x\"\n        alt=\"Poup\u00e9es\">\n    <\/a>\n        <a href=\"https:\/\/www.mrn.ch\/wp-content\/uploads\/2024\/07\/Spectaculum_2024_Benjamin-Banon_chaussures.jpg\" class=\"swiper-slide\" data-caption=\"C\u00e9ramique\">\n      <img decoding=\"async\" src=\"https:\/\/www.mrn.ch\/wp-content\/uploads\/fly-images\/3493\/Spectaculum_2024_Benjamin-Banon_chaussures-750x99999.jpg\"\n        srcset=\"https:\/\/www.mrn.ch\/wp-content\/uploads\/fly-images\/3493\/Spectaculum_2024_Benjamin-Banon_chaussures-750x99999.jpg 1x, https:\/\/www.mrn.ch\/wp-content\/uploads\/fly-images\/3493\/Spectaculum_2024_Benjamin-Banon_chaussures-1500x99999.jpg 2x\"\n        alt=\"Chaussures antiques\">\n    <\/a>\n        <a href=\"https:\/\/www.mrn.ch\/wp-content\/uploads\/2024\/07\/Spectaculum_2024_Benjamin-Banon_ceramique.jpg\" class=\"swiper-slide\" data-caption=\"Spectaculum! C\u00e9ramique\n\u00a9Benjamin Banon, juin 2024\">\n      <img decoding=\"async\" src=\"https:\/\/www.mrn.ch\/wp-content\/uploads\/fly-images\/3491\/Spectaculum_2024_Benjamin-Banon_ceramique-750x99999.jpg\"\n        srcset=\"https:\/\/www.mrn.ch\/wp-content\/uploads\/fly-images\/3491\/Spectaculum_2024_Benjamin-Banon_ceramique-750x99999.jpg 1x, https:\/\/www.mrn.ch\/wp-content\/uploads\/fly-images\/3491\/Spectaculum_2024_Benjamin-Banon_ceramique-1500x99999.jpg 2x\"\n        alt=\"C\u00e9ramique\">\n    <\/a>\n        <a href=\"https:\/\/www.mrn.ch\/wp-content\/uploads\/2024\/07\/Spectaculum_2024_Benjamin-Banon_chevaux.jpg\" class=\"swiper-slide\" data-caption=\"Spectaculum! Hue coco\n\u00a9Benjamin Banon, juin 2024\">\n      <img decoding=\"async\" src=\"https:\/\/www.mrn.ch\/wp-content\/uploads\/fly-images\/3495\/Spectaculum_2024_Benjamin-Banon_chevaux-750x99999.jpg\"\n        srcset=\"https:\/\/www.mrn.ch\/wp-content\/uploads\/fly-images\/3495\/Spectaculum_2024_Benjamin-Banon_chevaux-750x99999.jpg 1x, https:\/\/www.mrn.ch\/wp-content\/uploads\/fly-images\/3495\/Spectaculum_2024_Benjamin-Banon_chevaux-1500x99999.jpg 2x\"\n        alt=\"Chevaux \u00e0 p\u00e9dales\">\n    <\/a>\n        <a href=\"https:\/\/www.mrn.ch\/wp-content\/uploads\/2024\/07\/Spectaculum_2024_Benjamin-Banon_jeux.jpg\" class=\"swiper-slide\" data-caption=\"Spectaculum! Coup de d\u00e9\n\u00a9Benjamin Banon, juin 2024\">\n      <img decoding=\"async\" src=\"https:\/\/www.mrn.ch\/wp-content\/uploads\/fly-images\/3509\/Spectaculum_2024_Benjamin-Banon_jeux-750x99999.jpg\"\n        srcset=\"https:\/\/www.mrn.ch\/wp-content\/uploads\/fly-images\/3509\/Spectaculum_2024_Benjamin-Banon_jeux-750x99999.jpg 1x, https:\/\/www.mrn.ch\/wp-content\/uploads\/fly-images\/3509\/Spectaculum_2024_Benjamin-Banon_jeux-1500x99999.jpg 2x\"\n        alt=\"Jeux antiques\">\n    <\/a>\n        <a href=\"https:\/\/www.mrn.ch\/wp-content\/uploads\/2024\/07\/Spectaculum_2024_Benjamin-Banon_public.jpg\" class=\"swiper-slide\" data-caption=\"Spectaculum!\n\u00a9Benjamin Banon, juin 2024\">\n      <img decoding=\"async\" src=\"https:\/\/www.mrn.ch\/wp-content\/uploads\/fly-images\/3521\/Spectaculum_2024_Benjamin-Banon_public-750x99999.jpg\"\n        srcset=\"https:\/\/www.mrn.ch\/wp-content\/uploads\/fly-images\/3521\/Spectaculum_2024_Benjamin-Banon_public-750x99999.jpg 1x, https:\/\/www.mrn.ch\/wp-content\/uploads\/fly-images\/3521\/Spectaculum_2024_Benjamin-Banon_public-1500x99999.jpg 2x\"\n        alt=\"Spectaculum, esplanade des Marronniers \u00e0 Nyon\">\n    <\/a>\n        <a href=\"https:\/\/www.mrn.ch\/wp-content\/uploads\/2024\/07\/Spectaculum_2024_Benjamin-Banon_musee1.jpg\" class=\"swiper-slide\" data-caption=\"Spectaculum! Mus\u00e9e romain de Nyon\n\u00a9Benjamin Banon, juin 2024\">\n      <img decoding=\"async\" src=\"https:\/\/www.mrn.ch\/wp-content\/uploads\/fly-images\/3511\/Spectaculum_2024_Benjamin-Banon_musee1-750x99999.jpg\"\n        srcset=\"https:\/\/www.mrn.ch\/wp-content\/uploads\/fly-images\/3511\/Spectaculum_2024_Benjamin-Banon_musee1-750x99999.jpg 1x, https:\/\/www.mrn.ch\/wp-content\/uploads\/fly-images\/3511\/Spectaculum_2024_Benjamin-Banon_musee1-1500x99999.jpg 2x\"\n        alt=\"Mus\u00e9e romain de Nyon\">\n    <\/a>\n        <a href=\"https:\/\/www.mrn.ch\/wp-content\/uploads\/2024\/07\/Spectaculum_2024_Benjamin-Banon_musee3.jpg\" class=\"swiper-slide\" data-caption=\"Spectaculum! Mus\u00e9e romain de Nyon\n\u00a9Benjamin Banon, juin 2024\">\n      <img decoding=\"async\" src=\"https:\/\/www.mrn.ch\/wp-content\/uploads\/fly-images\/3515\/Spectaculum_2024_Benjamin-Banon_musee3-750x99999.jpg\"\n        srcset=\"https:\/\/www.mrn.ch\/wp-content\/uploads\/fly-images\/3515\/Spectaculum_2024_Benjamin-Banon_musee3-750x99999.jpg 1x, https:\/\/www.mrn.ch\/wp-content\/uploads\/fly-images\/3515\/Spectaculum_2024_Benjamin-Banon_musee3-1500x99999.jpg 2x\"\n        alt=\"Mus\u00e9e romain de Nyon\">\n    <\/a>\n        <a href=\"https:\/\/www.mrn.ch\/wp-content\/uploads\/2024\/07\/Spectaculum_2024_Benjamin-Banon_musee4.jpg\" class=\"swiper-slide\" data-caption=\"Spectaculum! Mus\u00e9e romain de Nyon\n\u00a9Benjamin Banon, juin 2024\">\n      <img decoding=\"async\" src=\"https:\/\/www.mrn.ch\/wp-content\/uploads\/fly-images\/3517\/Spectaculum_2024_Benjamin-Banon_musee4-750x99999.jpg\"\n        srcset=\"https:\/\/www.mrn.ch\/wp-content\/uploads\/fly-images\/3517\/Spectaculum_2024_Benjamin-Banon_musee4-750x99999.jpg 1x, https:\/\/www.mrn.ch\/wp-content\/uploads\/fly-images\/3517\/Spectaculum_2024_Benjamin-Banon_musee4-1500x99999.jpg 2x\"\n        alt=\"Mus\u00e9e romain de Nyon\">\n    <\/a>\n        <a href=\"https:\/\/www.mrn.ch\/wp-content\/uploads\/2024\/07\/Spectaculum_2024_Benjamin-Banon_amphitheatre.jpg\" class=\"swiper-slide\" data-caption=\"Spectaculum! Visite de l'amphith\u00e9\u00e2tre de Nyon\n\u00a9Benjamin Banon, juin 2024\">\n      <img decoding=\"async\" src=\"https:\/\/www.mrn.ch\/wp-content\/uploads\/fly-images\/3489\/Spectaculum_2024_Benjamin-Banon_amphitheatre-750x99999.jpg\"\n        srcset=\"https:\/\/www.mrn.ch\/wp-content\/uploads\/fly-images\/3489\/Spectaculum_2024_Benjamin-Banon_amphitheatre-750x99999.jpg 1x, https:\/\/www.mrn.ch\/wp-content\/uploads\/fly-images\/3489\/Spectaculum_2024_Benjamin-Banon_amphitheatre-1500x99999.jpg 2x\"\n        alt=\"Visite de l'amphith\u00e9\u00e2tre de Nyon\">\n    <\/a>\n      <\/div>\n\n  <!-- If we need navigation buttons -->\n  <div class=\"swiper-arrows\">\n    <div class=\"swiper-button-prev swiper-btn\">\n      <svg xmlns=\"http:\/\/www.w3.org\/2000\/svg\" width=\"27.269\" height=\"15.972\" viewBox=\"0 0 27.269 15.972\">\n  <g id=\"noun-arrow-4804406\" transform=\"translate(27.269 15.972) rotate(180)\">\n    <path id=\"Trac\u00e9_31\" data-name=\"Trac\u00e9 31\"\n      d=\"M27.471,17.128,21.69,22.919A.913.913,0,1,1,20.4,21.628l5.518-5.518H1.909a.909.909,0,0,1,0-1.818H25.917L20.4,8.774A.913.913,0,0,1,21.69,7.483l5.782,5.791a2.727,2.727,0,0,1,0,3.854Z\"\n      transform=\"translate(-1 -7.216)\" fill=\"#000\" \/>\n  <\/g>\n<\/svg>    <\/div>\n    <div class=\"swiper-button-next  swiper-btn\">\n      <svg id=\"noun-arrow-4804406\" xmlns=\"http:\/\/www.w3.org\/2000\/svg\" width=\"27.269\" height=\"15.972\"\n  viewBox=\"0 0 27.269 15.972\">\n  <path id=\"Trac\u00e9_31\" data-name=\"Trac\u00e9 31\"\n    d=\"M27.471,17.128,21.69,22.919A.913.913,0,1,1,20.4,21.628l5.518-5.518H1.909a.909.909,0,0,1,0-1.818H25.917L20.4,8.774A.913.913,0,0,1,21.69,7.483l5.782,5.791a2.727,2.727,0,0,1,0,3.854Z\"\n    transform=\"translate(-1 -7.216)\" fill=\"#000\" \/>\n<\/svg>    <\/div>\n\n  <\/div>\n<\/div>\n<div class=\"block-partners\">\n  <h2 class=\"text-small\">Organized by<\/h2>\n  <div class=\"partners\">\n        <div class=\"partner\">\n            <p class=\"parner__link\">\n                <img decoding=\"async\" class=\"partner__logo \" src=\"https:\/\/www.mrn.ch\/wp-content\/uploads\/2023\/06\/ROMAIN-NYON-LOGO1-NOIR-1.png\" alt=\"\">\n        <span class=\"partner__name sr-only\">Roman Museum of Nyon<\/span>\n              <\/p>\n      \n    <\/div>\n        <div class=\"partner\">\n            <p class=\"parner__link\">\n                <img decoding=\"async\" class=\"partner__logo \" src=\"https:\/\/www.mrn.ch\/wp-content\/uploads\/2024\/03\/MCAH-logo-n.b-e1711144490302.jpg\" alt=\"Logo Mus\u00e9e cantonal d'arch\u00e9ologie et d'histoire\">\n        <span class=\"partner__name sr-only\">Cantonal Museum of Archaeology and History<\/span>\n              <\/p>\n      \n    <\/div>\n        <div class=\"partner\">\n            <p class=\"parner__link\">\n                <img decoding=\"async\" class=\"partner__logo \" src=\"https:\/\/www.mrn.ch\/wp-content\/uploads\/2024\/03\/Archeologie-cantonale.jpg\" alt=\"Logo Arch\u00e9ologie cantonale\">\n        <span class=\"partner__name sr-only\">Cantonal archaeology<\/span>\n              <\/p>\n      \n    <\/div>\n      <\/div>\n<\/div>\n<div class=\"block-partners\">\n  <h2 class=\"text-small\">Partners<\/h2>\n  <div class=\"partners\">\n        <div class=\"partner\">\n            <p class=\"parner__link\">\n                <img decoding=\"async\" class=\"partner__logo \" src=\"https:\/\/www.mrn.ch\/wp-content\/uploads\/2024\/03\/Archeodunum-e1711144531457.jpg\" alt=\"l\">\n        <span class=\"partner__name sr-only\"><\/span>\n              <\/p>\n      \n    <\/div>\n        <div class=\"partner\">\n            <p class=\"parner__link\">\n                <img decoding=\"async\" class=\"partner__logo \" src=\"https:\/\/www.mrn.ch\/wp-content\/uploads\/2024\/03\/ArcheoLab_n.b.jpg\" alt=\"Logo Arch\u00e9oLab\">\n        <span class=\"partner__name sr-only\"><\/span>\n              <\/p>\n      \n    <\/div>\n        <div class=\"partner\">\n            <p class=\"parner__link\">\n                <img decoding=\"async\" class=\"partner__logo \" src=\"https:\/\/www.mrn.ch\/wp-content\/uploads\/2024\/03\/SMRA_Logos-e1711143679513.jpg\" alt=\"Logo Aventicum\">\n        <span class=\"partner__name sr-only\"><\/span>\n              <\/p>\n      \n    <\/div>\n        <div class=\"partner\">\n            <p class=\"parner__link\">\n                <img decoding=\"async\" class=\"partner__logo \" src=\"https:\/\/www.mrn.ch\/wp-content\/uploads\/2024\/03\/Orbe.jpg\" alt=\"Fondation Pro Urba\">\n        <span class=\"partner__name sr-only\"><\/span>\n              <\/p>\n      \n    <\/div>\n        <div class=\"partner\">\n            <p class=\"parner__link\">\n                <img decoding=\"async\" class=\"partner__logo \" src=\"https:\/\/www.mrn.ch\/wp-content\/uploads\/2024\/03\/LOGO-M.R.V.2018-e1711143726686.jpg\" alt=\"Logo Mus\u00e9e romain de Lausanne-Vidy\">\n        <span class=\"partner__name sr-only\"><\/span>\n              <\/p>\n      \n    <\/div>\n        <div class=\"partner\">\n            <p class=\"parner__link\">\n                <img decoding=\"async\" class=\"partner__logo \" src=\"https:\/\/www.mrn.ch\/wp-content\/uploads\/2024\/03\/Musee-dYverdon-scaled-e1711143763924.jpg\" alt=\"Mus\u00e9e\">\n        <span class=\"partner__name sr-only\"><\/span>\n              <\/p>\n      \n    <\/div>\n      <\/div>\n<\/div>\n<div class=\"block-partners\">\n  <h2 class=\"text-small\">Support<\/h2>\n  <div class=\"partners\">\n        <div class=\"partner\">\n            <p class=\"parner__link\">\n                <img decoding=\"async\" class=\"partner__logo \" src=\"https:\/\/www.mrn.ch\/wp-content\/uploads\/2024\/03\/FONDATION-MUSEE-ROMAIN_NYON_LOGO_1.jpg\" alt=\"Logo de la Fondation Mus\u00e9e romain de Nyon\">\n        <span class=\"partner__name sr-only\">Foundation for the development of the Roman Museum of Nyon<\/span>\n              <\/p>\n      \n    <\/div>\n        <div class=\"partner\">\n            <p class=\"parner__link\">\n                <img decoding=\"async\" class=\"partner__logo \" src=\"https:\/\/www.mrn.ch\/wp-content\/uploads\/2024\/03\/MCAH-logo-n.b-e1711144490302.jpg\" alt=\"Logo Mus\u00e9e cantonal d'arch\u00e9ologie et d'histoire\">\n        <span class=\"partner__name sr-only\">Cantonal Museum of Archaeology and History<\/span>\n              <\/p>\n      \n    <\/div>\n        <div class=\"partner\">\n            <p class=\"parner__link\">\n                <img decoding=\"async\" class=\"partner__logo \" src=\"https:\/\/www.mrn.ch\/wp-content\/uploads\/2024\/03\/ARS_logo_trilingu_gris.jpg\" alt=\"ARS\">\n        <span class=\"partner__name sr-only\">ARS &#8211; Association for Roman Archaeology in Switzerland  <\/span>\n              <\/p>\n      \n    <\/div>\n        <div class=\"partner\">\n            <p class=\"parner__link\">\n                <img decoding=\"async\" class=\"partner__logo \" src=\"https:\/\/www.mrn.ch\/wp-content\/uploads\/2024\/03\/AMN_long-scaled-e1727713181839.jpg\" alt=\"AMN - Asso\">\n        <span class=\"partner__name sr-only\">AMN &#8211; Association of Friends of the Museums of Nyon  <\/span>\n              <\/p>\n      \n    <\/div>\n        <div class=\"partner\">\n            <p class=\"parner__link\">\n                <img decoding=\"async\" class=\"partner__logo \" src=\"https:\/\/www.mrn.ch\/wp-content\/uploads\/2022\/08\/vdn-trait.png\" alt=\"Ville de Nyon\">\n        <span class=\"partner__name sr-only\">Town of Nyon<\/span>\n              <\/p>\n      \n    <\/div>\n      <\/div>\n<\/div>\n<div class=\"block-partners\">\n  <h2 class=\"text-small\">Catering<\/h2>\n  <div class=\"partners\">\n        <div class=\"partner\">\n            <a class=\"parner__link\" href=\"https:\/\/www.facebook.com\/ExMachinaCafe\" target=\"_blank\" rel=\"noopener noreferrer\">\n                <img decoding=\"async\" class=\"partner__logo \" src=\"https:\/\/www.mrn.ch\/wp-content\/uploads\/2024\/03\/Logo-2-Ex-machina.png\" alt=\"\">\n        <span class=\"partner__name sr-only\">Ex Machina Caf\u00e9<\/span>\n              <\/a>\n      \n    <\/div>\n        <div class=\"partner\">\n            <p class=\"parner__link\">\n                <img decoding=\"async\" class=\"partner__logo \" src=\"https:\/\/www.mrn.ch\/wp-content\/uploads\/2024\/03\/Logo-Crepes-4-you.png\" alt=\"\">\n        <span class=\"partner__name sr-only\">Cr\u00eapes 4 you<\/span>\n              <\/p>\n      \n    <\/div>\n        <div class=\"partner\">\n            <p class=\"parner__link\">\n                <img decoding=\"async\" class=\"partner__logo \" src=\"https:\/\/www.mrn.ch\/wp-content\/uploads\/2024\/03\/Logo-Buvette-des-Marronniers-1.jpg\" alt=\"\">\n        <span class=\"partner__name sr-only\">Buvette des Marronniers<\/span>\n              <\/p>\n      \n    <\/div>\n      <\/div>\n<\/div>","protected":false},"excerpt":{"rendered":"<p>In collaboration with the Journ\u00e9es vaudoises d&#8217;Arch\u00e9ologie, the Roman Museum organized Roman Days on the theme of games and entertainment. They took place on June 8 and 9, 2024 in Nyon, between the Esplanade des Marronniers, the museum and the amphitheatre. The event was organized by enthusiasts, associations and specialists from archaeological institutions in the [&hellip;]<\/p>\n","protected":false},"author":3,"featured_media":0,"parent":0,"menu_order":0,"comment_status":"closed","ping_status":"closed","template":"","meta":{"_acf_changed":false,"footnotes":""},"class_list":["post-4738","page","type-page","status-publish","hentry"],"acf":[],"yoast_head":"<!-- This site is optimized with the Yoast SEO plugin v27.4 - https:\/\/yoast.com\/product\/yoast-seo-wordpress\/ -->\n<title>Spectaculum! Two successful days of celebration - RMN<\/title>\n<meta name=\"robots\" content=\"index, follow, max-snippet:-1, max-image-preview:large, max-video-preview:-1\" \/>\n<link rel=\"canonical\" href=\"https:\/\/www.mrn.ch\/en\/spectaculum-two-successful-days-of-celebration\/\" \/>\n<meta property=\"og:locale\" content=\"en_US\" \/>\n<meta property=\"og:type\" content=\"article\" \/>\n<meta property=\"og:title\" content=\"Spectaculum! Two successful days of celebration - RMN\" \/>\n<meta property=\"og:description\" content=\"In collaboration with the Journ\u00e9es vaudoises d&#8217;Arch\u00e9ologie, the Roman Museum organized Roman Days on the theme of games and entertainment. They took place on June 8 and 9, 2024 in Nyon, between the Esplanade des Marronniers, the museum and the amphitheatre. The event was organized by enthusiasts, associations and specialists from archaeological institutions in the [&hellip;]\" \/>\n<meta property=\"og:url\" content=\"https:\/\/www.mrn.ch\/en\/spectaculum-two-successful-days-of-celebration\/\" \/>\n<meta property=\"og:site_name\" content=\"RMN\" \/>\n<meta property=\"article:publisher\" content=\"https:\/\/www.facebook.com\/museeromaindenyon\/\" \/>\n<meta property=\"article:modified_time\" content=\"2026-02-17T16:21:28+00:00\" \/>\n<meta name=\"twitter:card\" content=\"summary_large_image\" \/>\n<meta name=\"twitter:label1\" content=\"Est. reading time\" \/>\n\t<meta name=\"twitter:data1\" content=\"1 minute\" \/>\n<script type=\"application\/ld+json\" class=\"yoast-schema-graph\">{\"@context\":\"https:\\\/\\\/schema.org\",\"@graph\":[{\"@type\":\"WebPage\",\"@id\":\"https:\\\/\\\/www.mrn.ch\\\/en\\\/spectaculum-two-successful-days-of-celebration\\\/\",\"url\":\"https:\\\/\\\/www.mrn.ch\\\/en\\\/spectaculum-two-successful-days-of-celebration\\\/\",\"name\":\"Spectaculum! Two successful days of celebration - RMN\",\"isPartOf\":{\"@id\":\"https:\\\/\\\/www.mrn.ch\\\/#website\"},\"datePublished\":\"2024-07-22T15:39:15+00:00\",\"dateModified\":\"2026-02-17T16:21:28+00:00\",\"breadcrumb\":{\"@id\":\"https:\\\/\\\/www.mrn.ch\\\/en\\\/spectaculum-two-successful-days-of-celebration\\\/#breadcrumb\"},\"inLanguage\":\"en-US\",\"potentialAction\":[{\"@type\":\"ReadAction\",\"target\":[\"https:\\\/\\\/www.mrn.ch\\\/en\\\/spectaculum-two-successful-days-of-celebration\\\/\"]}]},{\"@type\":\"BreadcrumbList\",\"@id\":\"https:\\\/\\\/www.mrn.ch\\\/en\\\/spectaculum-two-successful-days-of-celebration\\\/#breadcrumb\",\"itemListElement\":[{\"@type\":\"ListItem\",\"position\":1,\"name\":\"Accueil\",\"item\":\"https:\\\/\\\/www.mrn.ch\\\/en\\\/\"},{\"@type\":\"ListItem\",\"position\":2,\"name\":\"Spectaculum! Two successful days of celebration\"}]},{\"@type\":\"WebSite\",\"@id\":\"https:\\\/\\\/www.mrn.ch\\\/#website\",\"url\":\"https:\\\/\\\/www.mrn.ch\\\/\",\"name\":\"MRN\",\"description\":\"\",\"publisher\":{\"@id\":\"https:\\\/\\\/www.mrn.ch\\\/#organization\"},\"potentialAction\":[{\"@type\":\"SearchAction\",\"target\":{\"@type\":\"EntryPoint\",\"urlTemplate\":\"https:\\\/\\\/www.mrn.ch\\\/?s={search_term_string}\"},\"query-input\":{\"@type\":\"PropertyValueSpecification\",\"valueRequired\":true,\"valueName\":\"search_term_string\"}}],\"inLanguage\":\"en-US\"},{\"@type\":\"Organization\",\"@id\":\"https:\\\/\\\/www.mrn.ch\\\/#organization\",\"name\":\"Mus\u00e9e Romain de Nyon\",\"url\":\"https:\\\/\\\/www.mrn.ch\\\/\",\"logo\":{\"@type\":\"ImageObject\",\"inLanguage\":\"en-US\",\"@id\":\"https:\\\/\\\/www.mrn.ch\\\/#\\\/schema\\\/logo\\\/image\\\/\",\"url\":\"http:\\\/\\\/www.mrn.ch\\\/wp-content\\\/uploads\\\/2023\\\/06\\\/ROMAIN-NYON-LOGO1-NOIR-1.png\",\"contentUrl\":\"http:\\\/\\\/www.mrn.ch\\\/wp-content\\\/uploads\\\/2023\\\/06\\\/ROMAIN-NYON-LOGO1-NOIR-1.png\",\"width\":664,\"height\":276,\"caption\":\"Mus\u00e9e Romain de Nyon\"},\"image\":{\"@id\":\"https:\\\/\\\/www.mrn.ch\\\/#\\\/schema\\\/logo\\\/image\\\/\"},\"sameAs\":[\"https:\\\/\\\/www.facebook.com\\\/museeromaindenyon\\\/\",\"https:\\\/\\\/www.instagram.com\\\/musee_romain_nyon\\\/\"]}]}<\/script>\n<!-- \/ Yoast SEO plugin. -->","yoast_head_json":{"title":"Spectaculum! Two successful days of celebration - RMN","robots":{"index":"index","follow":"follow","max-snippet":"max-snippet:-1","max-image-preview":"max-image-preview:large","max-video-preview":"max-video-preview:-1"},"canonical":"https:\/\/www.mrn.ch\/en\/spectaculum-two-successful-days-of-celebration\/","og_locale":"en_US","og_type":"article","og_title":"Spectaculum! Two successful days of celebration - RMN","og_description":"In collaboration with the Journ\u00e9es vaudoises d&#8217;Arch\u00e9ologie, the Roman Museum organized Roman Days on the theme of games and entertainment. They took place on June 8 and 9, 2024 in Nyon, between the Esplanade des Marronniers, the museum and the amphitheatre. The event was organized by enthusiasts, associations and specialists from archaeological institutions in the [&hellip;]","og_url":"https:\/\/www.mrn.ch\/en\/spectaculum-two-successful-days-of-celebration\/","og_site_name":"RMN","article_publisher":"https:\/\/www.facebook.com\/museeromaindenyon\/","article_modified_time":"2026-02-17T16:21:28+00:00","twitter_card":"summary_large_image","twitter_misc":{"Est. reading time":"1 minute"},"schema":{"@context":"https:\/\/schema.org","@graph":[{"@type":"WebPage","@id":"https:\/\/www.mrn.ch\/en\/spectaculum-two-successful-days-of-celebration\/","url":"https:\/\/www.mrn.ch\/en\/spectaculum-two-successful-days-of-celebration\/","name":"Spectaculum! Two successful days of celebration - RMN","isPartOf":{"@id":"https:\/\/www.mrn.ch\/#website"},"datePublished":"2024-07-22T15:39:15+00:00","dateModified":"2026-02-17T16:21:28+00:00","breadcrumb":{"@id":"https:\/\/www.mrn.ch\/en\/spectaculum-two-successful-days-of-celebration\/#breadcrumb"},"inLanguage":"en-US","potentialAction":[{"@type":"ReadAction","target":["https:\/\/www.mrn.ch\/en\/spectaculum-two-successful-days-of-celebration\/"]}]},{"@type":"BreadcrumbList","@id":"https:\/\/www.mrn.ch\/en\/spectaculum-two-successful-days-of-celebration\/#breadcrumb","itemListElement":[{"@type":"ListItem","position":1,"name":"Accueil","item":"https:\/\/www.mrn.ch\/en\/"},{"@type":"ListItem","position":2,"name":"Spectaculum! Two successful days of celebration"}]},{"@type":"WebSite","@id":"https:\/\/www.mrn.ch\/#website","url":"https:\/\/www.mrn.ch\/","name":"MRN","description":"","publisher":{"@id":"https:\/\/www.mrn.ch\/#organization"},"potentialAction":[{"@type":"SearchAction","target":{"@type":"EntryPoint","urlTemplate":"https:\/\/www.mrn.ch\/?s={search_term_string}"},"query-input":{"@type":"PropertyValueSpecification","valueRequired":true,"valueName":"search_term_string"}}],"inLanguage":"en-US"},{"@type":"Organization","@id":"https:\/\/www.mrn.ch\/#organization","name":"Mus\u00e9e Romain de Nyon","url":"https:\/\/www.mrn.ch\/","logo":{"@type":"ImageObject","inLanguage":"en-US","@id":"https:\/\/www.mrn.ch\/#\/schema\/logo\/image\/","url":"http:\/\/www.mrn.ch\/wp-content\/uploads\/2023\/06\/ROMAIN-NYON-LOGO1-NOIR-1.png","contentUrl":"http:\/\/www.mrn.ch\/wp-content\/uploads\/2023\/06\/ROMAIN-NYON-LOGO1-NOIR-1.png","width":664,"height":276,"caption":"Mus\u00e9e Romain de Nyon"},"image":{"@id":"https:\/\/www.mrn.ch\/#\/schema\/logo\/image\/"},"sameAs":["https:\/\/www.facebook.com\/museeromaindenyon\/","https:\/\/www.instagram.com\/musee_romain_nyon\/"]}]}},"_links":{"self":[{"href":"https:\/\/www.mrn.ch\/en\/wp-json\/wp\/v2\/pages\/4738","targetHints":{"allow":["GET"]}}],"collection":[{"href":"https:\/\/www.mrn.ch\/en\/wp-json\/wp\/v2\/pages"}],"about":[{"href":"https:\/\/www.mrn.ch\/en\/wp-json\/wp\/v2\/types\/page"}],"author":[{"embeddable":true,"href":"https:\/\/www.mrn.ch\/en\/wp-json\/wp\/v2\/users\/3"}],"replies":[{"embeddable":true,"href":"https:\/\/www.mrn.ch\/en\/wp-json\/wp\/v2\/comments?post=4738"}],"version-history":[{"count":1,"href":"https:\/\/www.mrn.ch\/en\/wp-json\/wp\/v2\/pages\/4738\/revisions"}],"predecessor-version":[{"id":4739,"href":"https:\/\/www.mrn.ch\/en\/wp-json\/wp\/v2\/pages\/4738\/revisions\/4739"}],"wp:attachment":[{"href":"https:\/\/www.mrn.ch\/en\/wp-json\/wp\/v2\/media?parent=4738"}],"curies":[{"name":"wp","href":"https:\/\/api.w.org\/{rel}","templated":true}]}}